{"id":21094,"date":"2023-04-11T18:25:42","date_gmt":"2023-04-11T18:25:42","guid":{"rendered":"https:\/\/www.danby.com\/fr\/products\/uncategorized\/dag026a2bdb\/"},"modified":"2026-04-25T10:08:19","modified_gmt":"2026-04-25T10:08:19","slug":"dag026a2bdb","status":"publish","type":"product","link":"https:\/\/www.danby.com\/fr\/products\/refrigeration-compact\/dag026a2bdb\/","title":{"rendered":"Danby Commercial 2.6 cu. R\u00e9frig\u00e9rateur compact \u00e0 porte vitr\u00e9e"},"content":{"rendered":"","protected":false},"excerpt":{"rendered":"<ul>\n<li>Temp\u00e9ratures r\u00e9elles du r\u00e9frig\u00e9rateur (32\u00b0F -50\u00b0F) (0\u00b0c-10\u00b0c)<\/li>\n<li>Vidange du d\u00e9givrage<\/li>\n<li>Thermostat m\u00e9canique<\/li>\n<li>Fa\u00e7ade en verre cristallin avec garniture en acier inoxydable<\/li>\n<li>Armoire noire au design \u00e9pur\u00e9<\/li>\n<li>Lampe LED avec interrupteur ON\/OFF situ\u00e9 \u00e0 l&#8217;arri\u00e8re de l&#8217;appareil<\/li>\n<li>3 \u00e9tag\u00e8res grillag\u00e9es sur toute la largeur<\/li>\n<li> Charni\u00e8re de porte r\u00e9versible<\/li>\n<li>Cordon d&#8217;alimentation de 5 \u00bc pieds<\/li>\n<li>Con\u00e7u pour un usage commercial<\/li>\n<li>Certifi\u00e9 NSF7 pour usage commercial<\/li>\n<li>Comprend une serrure de porte int\u00e9gr\u00e9e et une cl\u00e9<\/li>\n<\/ul>\n","protected":false},"featured_media":39538,"comment_status":"open","ping_status":"closed","template":"","meta":{"_acf_changed":false},"product_brand":[],"product_cat":[22],"product_tag":[],"class_list":{"0":"post-21094","1":"product","2":"type-product","3":"status-publish","4":"has-post-thumbnail","6":"product_cat-refrigeration-compact","8":"first","9":"instock","10":"taxable","11":"shipping-taxable","12":"product-type-simple"},"acf":[],"yoast_head":"<!-- This site is optimized with the Yoast SEO plugin v27.4 - https:\/\/yoast.com\/product\/yoast-seo-wordpress\/ -->\n<title>Danby Commercial 2.6 cu. R\u00e9frig\u00e9rateur compact \u00e0 porte vitr\u00e9e - DAG026A2BDB | Danby Canada<\/title>\n<meta name=\"description\" content=\"Ce r\u00e9frig\u00e9rateur compact Danby Commercial de qualit\u00e9 commerciale pr\u00e9sente une \u00e9l\u00e9gante porte en verre transparent avec une garniture semblable \u00e0 celle de l&#039;acier inoxydable. Son grand espace de rangement, son \u00e9clairage int\u00e9rieur \u00e0 DEL et sa cote \u00e9nerg\u00e9tique de qualit\u00e9 commerciale en font le compl\u00e9ment id\u00e9al pour vos invit\u00e9s.\" \/>\n<meta name=\"robots\" content=\"index, follow, max-snippet:-1, max-image-preview:large, max-video-preview:-1\" \/>\n<link rel=\"canonical\" href=\"https:\/\/www.danby.com\/fr\/products\/refrigeration-compact\/dag026a2bdb\/\" \/>\n<meta property=\"og:locale\" content=\"fr_CA\" \/>\n<meta property=\"og:type\" content=\"article\" \/>\n<meta property=\"og:title\" content=\"Danby Commercial 2.6 cu. R\u00e9frig\u00e9rateur compact \u00e0 porte vitr\u00e9e - DAG026A2BDB | Danby Canada\" \/>\n<meta property=\"og:description\" content=\"Ce r\u00e9frig\u00e9rateur compact Danby Commercial de qualit\u00e9 commerciale pr\u00e9sente une \u00e9l\u00e9gante porte en verre transparent avec une garniture semblable \u00e0 celle de l&#039;acier inoxydable. Son grand espace de rangement, son \u00e9clairage int\u00e9rieur \u00e0 DEL et sa cote \u00e9nerg\u00e9tique de qualit\u00e9 commerciale en font le compl\u00e9ment id\u00e9al pour vos invit\u00e9s.\" \/>\n<meta property=\"og:url\" content=\"https:\/\/www.danby.com\/fr\/products\/refrigeration-compact\/dag026a2bdb\/\" \/>\n<meta property=\"og:site_name\" content=\"Danby - Canada - French\" \/>\n<meta property=\"article:publisher\" content=\"https:\/\/www.facebook.com\/DanbyAppliances\" \/>\n<meta property=\"article:modified_time\" content=\"2026-04-25T10:08:19+00:00\" \/>\n<meta property=\"og:image\" content=\"https:\/\/cdnweb.danby.com\/wp-content\/uploads\/sites\/2\/2023\/05\/02123020\/DAG026A2BDB_Front_Closed_Empty.jpg\" \/>\n\t<meta property=\"og:image:width\" content=\"1500\" \/>\n\t<meta property=\"og:image:height\" content=\"2137\" \/>\n\t<meta property=\"og:image:type\" content=\"image\/jpeg\" \/>\n<meta name=\"twitter:card\" content=\"summary_large_image\" \/>\n<meta name=\"twitter:site\" content=\"@DanbyAppliance\" \/>\n<script type=\"application\/ld+json\" class=\"yoast-schema-graph\">{\"@context\":\"https:\\\/\\\/schema.org\",\"@graph\":[{\"@type\":[\"WebPage\",\"ItemPage\"],\"url\":\"https:\\\/\\\/www.danby.com\\\/fr\\\/products\\\/refrigeration-compact\\\/dag026a2bdb\\\/\",\"name\":\"Danby Commercial 2.6 cu. R\u00e9frig\u00e9rateur compact \u00e0 porte vitr\u00e9e - DAG026A2BDB | Danby Canada\",\"isPartOf\":[],\"primaryImageOfPage\":[],\"image\":[],\"thumbnailUrl\":\"https:\\\/\\\/www.danby.com\\\/fr\\\/wp-content\\\/uploads\\\/sites\\\/2\\\/2026\\\/04\\\/DAG026A2BDB_Front_Closed_Empty.jpg\",\"datePublished\":\"2023-04-11T18:25:42+00:00\",\"dateModified\":\"2026-04-25T10:08:19+00:00\",\"description\":\"Ce r\u00e9frig\u00e9rateur compact Danby Commercial de qualit\u00e9 commerciale pr\u00e9sente une \u00e9l\u00e9gante porte en verre transparent avec une garniture semblable \u00e0 celle de l'acier inoxydable. Son grand espace de rangement, son \u00e9clairage int\u00e9rieur \u00e0 DEL et sa cote \u00e9nerg\u00e9tique de qualit\u00e9 commerciale en font le compl\u00e9ment id\u00e9al pour vos invit\u00e9s.\",\"breadcrumb\":[],\"inLanguage\":\"fr-CA\",\"potentialAction\":[{\"@type\":\"ReadAction\",\"target\":[\"https:\\\/\\\/www.danby.com\\\/fr\\\/products\\\/refrigeration-compact\\\/dag026a2bdb\\\/\"]}]},{\"@type\":\"ImageObject\",\"inLanguage\":\"fr-CA\",\"url\":\"https:\\\/\\\/www.danby.com\\\/fr\\\/wp-content\\\/uploads\\\/sites\\\/2\\\/2026\\\/04\\\/DAG026A2BDB_Front_Closed_Empty.jpg\",\"contentUrl\":\"https:\\\/\\\/www.danby.com\\\/fr\\\/wp-content\\\/uploads\\\/sites\\\/2\\\/2026\\\/04\\\/DAG026A2BDB_Front_Closed_Empty.jpg\",\"width\":1500,\"height\":2000},{\"@type\":\"BreadcrumbList\",\"itemListElement\":[{\"@type\":\"ListItem\",\"position\":1,\"name\":\"Home\",\"item\":\"https:\\\/\\\/www.danby.com\\\/fr\\\/\"},{\"@type\":\"ListItem\",\"position\":2,\"name\":\"Boutique\",\"item\":\"https:\\\/\\\/www.danby.com\\\/fr\\\/boutique\\\/\"},{\"@type\":\"ListItem\",\"position\":3,\"name\":\"Danby 2.6 cu. R\u00e9frig\u00e9rateur compact \u00e0 porte vitr\u00e9e en platine\"}]},{\"@type\":\"WebSite\",\"url\":\"https:\\\/\\\/www.danby.com\\\/fr\\\/\",\"name\":\"Danby - Canada - French\",\"description\":\"Leader dans le domaine de la r\u00e9frig\u00e9ration et des appareils sp\u00e9cialis\u00e9s\",\"publisher\":[],\"potentialAction\":[{\"@type\":\"SearchAction\",\"target\":{\"@type\":\"EntryPoint\",\"urlTemplate\":\"https:\\\/\\\/www.danby.com\\\/fr\\\/?s={search_term_string}\"},\"query-input\":{\"@type\":\"PropertyValueSpecification\",\"valueRequired\":true,\"valueName\":\"search_term_string\"}}],\"inLanguage\":\"fr-CA\"},{\"@type\":\"Organization\",\"name\":\"Danby Appliances\",\"url\":\"https:\\\/\\\/www.danby.com\\\/fr\\\/\",\"logo\":{\"@type\":\"ImageObject\",\"inLanguage\":\"fr-CA\",\"url\":\"https:\\\/\\\/cdnweb.danby.com\\\/wp-content\\\/uploads\\\/sites\\\/2\\\/2022\\\/02\\\/10141906\\\/Danby75Ans_Blue.png\",\"contentUrl\":\"https:\\\/\\\/cdnweb.danby.com\\\/wp-content\\\/uploads\\\/sites\\\/2\\\/2022\\\/02\\\/10141906\\\/Danby75Ans_Blue.png\",\"width\":470,\"height\":110,\"caption\":\"Danby Appliances\"},\"image\":[],\"sameAs\":[\"https:\\\/\\\/www.facebook.com\\\/DanbyAppliances\",\"https:\\\/\\\/x.com\\\/DanbyAppliance\",\"https:\\\/\\\/instagram.com\\\/danbyappliances\\\/\",\"https:\\\/\\\/www.linkedin.com\\\/company\\\/danbyappliances\",\"https:\\\/\\\/www.pinterest.ca\\\/danbyappliances\\\/\",\"https:\\\/\\\/www.youtube.com\\\/user\\\/DanbyProducts\",\"https:\\\/\\\/en.wikipedia.org\\\/wiki\\\/Danby_(appliances)\"]}]}<\/script>\n<!-- \/ Yoast SEO plugin. -->","yoast_head_json":{"title":"Danby Commercial 2.6 cu. R\u00e9frig\u00e9rateur compact \u00e0 porte vitr\u00e9e - DAG026A2BDB | Danby Canada","description":"Ce r\u00e9frig\u00e9rateur compact Danby Commercial de qualit\u00e9 commerciale pr\u00e9sente une \u00e9l\u00e9gante porte en verre transparent avec une garniture semblable \u00e0 celle de l'acier inoxydable. Son grand espace de rangement, son \u00e9clairage int\u00e9rieur \u00e0 DEL et sa cote \u00e9nerg\u00e9tique de qualit\u00e9 commerciale en font le compl\u00e9ment id\u00e9al pour vos invit\u00e9s.","robots":{"index":"index","follow":"follow","max-snippet":"max-snippet:-1","max-image-preview":"max-image-preview:large","max-video-preview":"max-video-preview:-1"},"canonical":"https:\/\/www.danby.com\/fr\/products\/refrigeration-compact\/dag026a2bdb\/","og_locale":"fr_CA","og_type":"article","og_title":"Danby Commercial 2.6 cu. R\u00e9frig\u00e9rateur compact \u00e0 porte vitr\u00e9e - DAG026A2BDB | Danby Canada","og_description":"Ce r\u00e9frig\u00e9rateur compact Danby Commercial de qualit\u00e9 commerciale pr\u00e9sente une \u00e9l\u00e9gante porte en verre transparent avec une garniture semblable \u00e0 celle de l'acier inoxydable. Son grand espace de rangement, son \u00e9clairage int\u00e9rieur \u00e0 DEL et sa cote \u00e9nerg\u00e9tique de qualit\u00e9 commerciale en font le compl\u00e9ment id\u00e9al pour vos invit\u00e9s.","og_url":"https:\/\/www.danby.com\/fr\/products\/refrigeration-compact\/dag026a2bdb\/","og_site_name":"Danby - Canada - French","article_publisher":"https:\/\/www.facebook.com\/DanbyAppliances","article_modified_time":"2026-04-25T10:08:19+00:00","og_image":[{"width":1500,"height":2137,"url":"https:\/\/cdnweb.danby.com\/wp-content\/uploads\/sites\/2\/2023\/05\/02123020\/DAG026A2BDB_Front_Closed_Empty.jpg","type":"image\/jpeg"}],"twitter_card":"summary_large_image","twitter_site":"@DanbyAppliance","schema":{"@context":"https:\/\/schema.org","@graph":[{"@type":["WebPage","ItemPage"],"url":"https:\/\/www.danby.com\/fr\/products\/refrigeration-compact\/dag026a2bdb\/","name":"Danby Commercial 2.6 cu. R\u00e9frig\u00e9rateur compact \u00e0 porte vitr\u00e9e - DAG026A2BDB | Danby Canada","isPartOf":[],"primaryImageOfPage":[],"image":[],"thumbnailUrl":"https:\/\/www.danby.com\/fr\/wp-content\/uploads\/sites\/2\/2026\/04\/DAG026A2BDB_Front_Closed_Empty.jpg","datePublished":"2023-04-11T18:25:42+00:00","dateModified":"2026-04-25T10:08:19+00:00","description":"Ce r\u00e9frig\u00e9rateur compact Danby Commercial de qualit\u00e9 commerciale pr\u00e9sente une \u00e9l\u00e9gante porte en verre transparent avec une garniture semblable \u00e0 celle de l'acier inoxydable. Son grand espace de rangement, son \u00e9clairage int\u00e9rieur \u00e0 DEL et sa cote \u00e9nerg\u00e9tique de qualit\u00e9 commerciale en font le compl\u00e9ment id\u00e9al pour vos invit\u00e9s.","breadcrumb":[],"inLanguage":"fr-CA","potentialAction":[{"@type":"ReadAction","target":["https:\/\/www.danby.com\/fr\/products\/refrigeration-compact\/dag026a2bdb\/"]}]},{"@type":"ImageObject","inLanguage":"fr-CA","url":"https:\/\/www.danby.com\/fr\/wp-content\/uploads\/sites\/2\/2026\/04\/DAG026A2BDB_Front_Closed_Empty.jpg","contentUrl":"https:\/\/www.danby.com\/fr\/wp-content\/uploads\/sites\/2\/2026\/04\/DAG026A2BDB_Front_Closed_Empty.jpg","width":1500,"height":2000},{"@type":"BreadcrumbList","itemListElement":[{"@type":"ListItem","position":1,"name":"Home","item":"https:\/\/www.danby.com\/fr\/"},{"@type":"ListItem","position":2,"name":"Boutique","item":"https:\/\/www.danby.com\/fr\/boutique\/"},{"@type":"ListItem","position":3,"name":"Danby 2.6 cu. R\u00e9frig\u00e9rateur compact \u00e0 porte vitr\u00e9e en platine"}]},{"@type":"WebSite","url":"https:\/\/www.danby.com\/fr\/","name":"Danby - Canada - French","description":"Leader dans le domaine de la r\u00e9frig\u00e9ration et des appareils sp\u00e9cialis\u00e9s","publisher":[],"potentialAction":[{"@type":"SearchAction","target":{"@type":"EntryPoint","urlTemplate":"https:\/\/www.danby.com\/fr\/?s={search_term_string}"},"query-input":{"@type":"PropertyValueSpecification","valueRequired":true,"valueName":"search_term_string"}}],"inLanguage":"fr-CA"},{"@type":"Organization","name":"Danby Appliances","url":"https:\/\/www.danby.com\/fr\/","logo":{"@type":"ImageObject","inLanguage":"fr-CA","url":"https:\/\/cdnweb.danby.com\/wp-content\/uploads\/sites\/2\/2022\/02\/10141906\/Danby75Ans_Blue.png","contentUrl":"https:\/\/cdnweb.danby.com\/wp-content\/uploads\/sites\/2\/2022\/02\/10141906\/Danby75Ans_Blue.png","width":470,"height":110,"caption":"Danby Appliances"},"image":[],"sameAs":["https:\/\/www.facebook.com\/DanbyAppliances","https:\/\/x.com\/DanbyAppliance","https:\/\/instagram.com\/danbyappliances\/","https:\/\/www.linkedin.com\/company\/danbyappliances","https:\/\/www.pinterest.ca\/danbyappliances\/","https:\/\/www.youtube.com\/user\/DanbyProducts","https:\/\/en.wikipedia.org\/wiki\/Danby_(appliances)"]}]}},"post_mailing_queue_ids":[],"_links":{"self":[{"href":"https:\/\/www.danby.com\/fr\/wp-json\/wp\/v2\/product\/21094","targetHints":{"allow":["GET"]}}],"collection":[{"href":"https:\/\/www.danby.com\/fr\/wp-json\/wp\/v2\/product"}],"about":[{"href":"https:\/\/www.danby.com\/fr\/wp-json\/wp\/v2\/types\/product"}],"replies":[{"embeddable":true,"href":"https:\/\/www.danby.com\/fr\/wp-json\/wp\/v2\/comments?post=21094"}],"wp:featuredmedia":[{"embeddable":true,"href":"https:\/\/www.danby.com\/fr\/wp-json\/wp\/v2\/media\/39538"}],"wp:attachment":[{"href":"https:\/\/www.danby.com\/fr\/wp-json\/wp\/v2\/media?parent=21094"}],"wp:term":[{"taxonomy":"product_brand","embeddable":true,"href":"https:\/\/www.danby.com\/fr\/wp-json\/wp\/v2\/product_brand?post=21094"},{"taxonomy":"product_cat","embeddable":true,"href":"https:\/\/www.danby.com\/fr\/wp-json\/wp\/v2\/product_cat?post=21094"},{"taxonomy":"product_tag","embeddable":true,"href":"https:\/\/www.danby.com\/fr\/wp-json\/wp\/v2\/product_tag?post=21094"}],"curies":[{"name":"wp","href":"https:\/\/api.w.org\/{rel}","templated":true}]}}