{"id":31628,"date":"2025-05-02T18:09:46","date_gmt":"2025-05-02T18:09:46","guid":{"rendered":"https:\/\/www.danby.com\/fr\/?page_id=31628"},"modified":"2025-05-02T18:29:17","modified_gmt":"2025-05-02T18:29:17","slug":"blog","status":"publish","type":"page","link":"https:\/\/www.danby.com\/fr\/blog\/","title":{"rendered":"Blog"},"content":{"rendered":"\t\t<div data-elementor-type=\"wp-page\" data-elementor-id=\"31628\" class=\"elementor elementor-31628\" data-elementor-post-type=\"page\">\n\t\t\t\t\t\t<section class=\"elementor-section elementor-top-section elementor-element elementor-element-4da9e2ff elementor-section-full_width elementor-section-height-min-height elementor-section-stretched elementor-section-height-default elementor-section-items-middle\" data-id=\"4da9e2ff\" data-element_type=\"section\" data-e-type=\"section\" data-settings=\"{&quot;stretch_section&quot;:&quot;section-stretched&quot;,&quot;background_background&quot;:&quot;classic&quot;}\">\n\t\t\t\t\t\t<div class=\"elementor-container elementor-column-gap-default\">\n\t\t\t\t\t<div class=\"elementor-column elementor-col-100 elementor-top-column elementor-element elementor-element-708a802\" data-id=\"708a802\" data-element_type=\"column\" data-e-type=\"column\">\n\t\t\t<div class=\"elementor-widget-wrap elementor-element-populated\">\n\t\t\t\t\t\t<div class=\"elementor-element elementor-element-46172e6e elementor-widget__width-auto elementor-widget elementor-widget-heading\" data-id=\"46172e6e\" data-element_type=\"widget\" data-e-type=\"widget\" data-widget_type=\"heading.default\">\n\t\t\t\t<div class=\"elementor-widget-container\">\n\t\t\t\t\t<h1 class=\"elementor-heading-title elementor-size-default\">\u202fLe blog de Danby\u202f<\/h1>\t\t\t\t<\/div>\n\t\t\t\t<\/div>\n\t\t\t\t\t<\/div>\n\t\t<\/div>\n\t\t\t\t\t<\/div>\n\t\t<\/section>\n\t\t\t\t<section class=\"elementor-section elementor-top-section elementor-element elementor-element-991ac68 elementor-section-full_width elementor-section-height-default elementor-section-height-default\" data-id=\"991ac68\" data-element_type=\"section\" data-e-type=\"section\">\n\t\t\t\t\t\t<div class=\"elementor-container elementor-column-gap-default\">\n\t\t\t\t\t<div class=\"elementor-column elementor-col-100 elementor-top-column elementor-element elementor-element-1bc10d4\" data-id=\"1bc10d4\" data-element_type=\"column\" data-e-type=\"column\">\n\t\t\t<div class=\"elementor-widget-wrap elementor-element-populated\">\n\t\t\t\t\t\t<div class=\"elementor-element elementor-element-a96a10e elementor-grid-3 elementor-grid-tablet-2 elementor-grid-mobile-1 elementor-posts--thumbnail-top elementor-widget elementor-widget-posts\" data-id=\"a96a10e\" data-element_type=\"widget\" data-e-type=\"widget\" data-settings=\"{&quot;classic_row_gap&quot;:{&quot;unit&quot;:&quot;px&quot;,&quot;size&quot;:50,&quot;sizes&quot;:[]},&quot;pagination_type&quot;:&quot;numbers_and_prev_next&quot;,&quot;classic_columns&quot;:&quot;3&quot;,&quot;classic_columns_tablet&quot;:&quot;2&quot;,&quot;classic_columns_mobile&quot;:&quot;1&quot;,&quot;classic_row_gap_tablet&quot;:{&quot;unit&quot;:&quot;px&quot;,&quot;size&quot;:&quot;&quot;,&quot;sizes&quot;:[]},&quot;classic_row_gap_mobile&quot;:{&quot;unit&quot;:&quot;px&quot;,&quot;size&quot;:&quot;&quot;,&quot;sizes&quot;:[]}}\" data-widget_type=\"posts.classic\">\n\t\t\t\t<div class=\"elementor-widget-container\">\n\t\t\t\t\t\t\t<div class=\"elementor-posts-container elementor-posts elementor-posts--skin-classic elementor-grid\" role=\"list\">\n\t\t\t\t<article class=\"elementor-post elementor-grid-item post-39613 post type-post status-publish format-standard has-post-thumbnail hentry category-blog\" role=\"listitem\">\n\t\t\t\t<a class=\"elementor-post__thumbnail__link\" href=\"https:\/\/www.danby.com\/fr\/blog\/spring-stuffy-home-improve-indoor-air-quality\/\" tabindex=\"-1\" >\n\t\t\t<div class=\"elementor-post__thumbnail\"><img fetchpriority=\"high\" decoding=\"async\" width=\"440\" height=\"292\" src=\"https:\/\/www.danby.com\/fr\/wp-content\/uploads\/sites\/2\/2026\/04\/indoor-air-quality-tb.jpg\" class=\"attachment-full size-full wp-image-39617\" alt=\"\" srcset=\"https:\/\/www.danby.com\/fr\/wp-content\/uploads\/sites\/2\/2026\/04\/indoor-air-quality-tb.jpg 440w, https:\/\/www.danby.com\/fr\/wp-content\/uploads\/sites\/2\/2026\/04\/indoor-air-quality-tb-300x199.jpg 300w, https:\/\/www.danby.com\/fr\/wp-content\/uploads\/sites\/2\/2026\/04\/indoor-air-quality-tb-416x276.jpg 416w, https:\/\/www.danby.com\/fr\/wp-content\/uploads\/sites\/2\/2026\/04\/indoor-air-quality-tb-64x42.jpg 64w\" sizes=\"(max-width: 440px) 100vw, 440px\" \/><\/div>\n\t\t<\/a>\n\t\t\t\t<div class=\"elementor-post__text\">\n\t\t\t\t<h3 class=\"elementor-post__title\">\n\t\t\t<a href=\"https:\/\/www.danby.com\/fr\/blog\/spring-stuffy-home-improve-indoor-air-quality\/\" >\n\t\t\t\tPourquoi ma maison est-elle \u00e9touffante au printemps?\t\t\t<\/a>\n\t\t<\/h3>\n\t\t\t\t<div class=\"elementor-post__meta-data\">\n\t\t\t\t\t<span class=\"elementor-post-date\">\n\t\t\tavril 23, 2026\t\t<\/span>\n\t\t\t\t<\/div>\n\t\t\t\t<div class=\"elementor-post__excerpt\">\n\t\t\t<p>Comment\u00a0am\u00e9liorer\u00a0la\u00a0qualit\u00e9\u00a0de l&#8217;air\u00a0int\u00e9rieur\u00a0avant\u00a0l&#8217;\u00e9t\u00e9\u00a0 Vous\u00a0ouvrez\u00a0grand les\u00a0fen\u00eatres\u00a0pour la premi\u00e8re\u00a0fois\u00a0de\u00a0l&#8217;ann\u00e9e\u2026 et\u00a0votre\u00a0maison\u00a0semble\u00a0toujours\u00a0\u00e9touffante.\u00a0\u00a0 Le printemps\u00a0devrait\u00a0apporter\u00a0de l&#8217;air frais et des\u00a0temp\u00e9ratures\u00a0plus\u00a0cl\u00e9mentes,\u00a0mais\u00a0de\u00a0nombreuses\u00a0maisons\u00a0semblent\u00a0plus\u00a0\u00e9touffantes\u00a0lors\u00a0de\u00a0ce\u00a0changement de saison. Apr\u00e8s des\u00a0mois\u00a0de\u00a0fen\u00eatres\u00a0ferm\u00e9es\u00a0et de circulation\u00a0d&#8217;air\u00a0limit\u00e9e, la\u00a0poussi\u00e8re,<\/p>\n\t\t<\/div>\n\t\t\t\t\t<div class=\"elementor-post__read-more-wrapper\">\n\t\t\n\t\t<a class=\"elementor-post__read-more\" href=\"https:\/\/www.danby.com\/fr\/blog\/spring-stuffy-home-improve-indoor-air-quality\/\" aria-label=\"Read more about Pourquoi ma maison est-elle \u00e9touffante au printemps?\" tabindex=\"-1\" >\n\t\t\tLire la suite \u00bb\t\t<\/a>\n\n\t\t\t\t\t<\/div>\n\t\t\t\t<\/div>\n\t\t\t\t<\/article>\n\t\t\t\t<article class=\"elementor-post elementor-grid-item post-39495 post type-post status-publish format-standard has-post-thumbnail hentry category-blog\" role=\"listitem\">\n\t\t\t\t<a class=\"elementor-post__thumbnail__link\" href=\"https:\/\/www.danby.com\/fr\/blog\/spring-refresh-energy-efficient-appliances\/\" tabindex=\"-1\" >\n\t\t\t<div class=\"elementor-post__thumbnail\"><img decoding=\"async\" width=\"440\" height=\"553\" src=\"https:\/\/www.danby.com\/fr\/wp-content\/uploads\/sites\/2\/2026\/03\/blog-spring.jpg\" class=\"attachment-full size-full wp-image-39496\" alt=\"\" srcset=\"https:\/\/www.danby.com\/fr\/wp-content\/uploads\/sites\/2\/2026\/03\/blog-spring.jpg 440w, https:\/\/www.danby.com\/fr\/wp-content\/uploads\/sites\/2\/2026\/03\/blog-spring-239x300.jpg 239w, https:\/\/www.danby.com\/fr\/wp-content\/uploads\/sites\/2\/2026\/03\/blog-spring-416x523.jpg 416w, https:\/\/www.danby.com\/fr\/wp-content\/uploads\/sites\/2\/2026\/03\/blog-spring-64x80.jpg 64w\" sizes=\"(max-width: 440px) 100vw, 440px\" \/><\/div>\n\t\t<\/a>\n\t\t\t\t<div class=\"elementor-post__text\">\n\t\t\t\t<h3 class=\"elementor-post__title\">\n\t\t\t<a href=\"https:\/\/www.danby.com\/fr\/blog\/spring-refresh-energy-efficient-appliances\/\" >\n\t\t\t\tGuide de rafra\u00eechissement printanier : choisir des appareils \u00e9lectrom\u00e9nagers \u00e9co\u00e9nerg\u00e9tiques pour une maison plus intelligente\t\t\t<\/a>\n\t\t<\/h3>\n\t\t\t\t<div class=\"elementor-post__meta-data\">\n\t\t\t\t\t<span class=\"elementor-post-date\">\n\t\t\tmars 16, 2026\t\t<\/span>\n\t\t\t\t<\/div>\n\t\t\t\t<div class=\"elementor-post__excerpt\">\n\t\t\t<p>Le printemps est le moment id\u00e9al pour rafra\u00eechir et r\u00e9organiser votre espace. Si beaucoup de gens se concentrent sur le<\/p>\n\t\t<\/div>\n\t\t\t\t\t<div class=\"elementor-post__read-more-wrapper\">\n\t\t\n\t\t<a class=\"elementor-post__read-more\" href=\"https:\/\/www.danby.com\/fr\/blog\/spring-refresh-energy-efficient-appliances\/\" aria-label=\"Read more about Guide de rafra\u00eechissement printanier : choisir des appareils \u00e9lectrom\u00e9nagers \u00e9co\u00e9nerg\u00e9tiques pour une maison plus intelligente\" tabindex=\"-1\" >\n\t\t\tLire la suite \u00bb\t\t<\/a>\n\n\t\t\t\t\t<\/div>\n\t\t\t\t<\/div>\n\t\t\t\t<\/article>\n\t\t\t\t<article class=\"elementor-post elementor-grid-item post-29762 post type-post status-publish format-standard has-post-thumbnail hentry category-blog tag-appareils-menagers-danby tag-danby tag-distributeurs-de-biere-mobiles tag-kegerateurs-portables tag-kegerators-de-fete tag-kegerators-portables-ecologiques tag-kegerators-portables-pour-les-fetes tag-refrigerateur tag-unites-mobiles-de-distribution-de-biere\" role=\"listitem\">\n\t\t\t\t<a class=\"elementor-post__thumbnail__link\" href=\"https:\/\/www.danby.com\/fr\/blog\/kegerators-portables-amener-la-fete-nimporte-ou-grace-a-la-distribution-de-biere-mobile\/\" tabindex=\"-1\" >\n\t\t\t<div class=\"elementor-post__thumbnail\"><img decoding=\"async\" width=\"2000\" height=\"2000\" src=\"https:\/\/cdnweb.danby.com\/wp-content\/uploads\/sites\/2\/2024\/10\/02164634\/DKC054A1BSLDB_Insetting1.jpg\" class=\"attachment-full size-full wp-image-29763\" alt=\"Rencontrez votre compagnon de f\u00eate ultime: les kegerators portables.\" srcset=\"https:\/\/cdnweb.danby.com\/wp-content\/uploads\/sites\/2\/2024\/10\/02164634\/DKC054A1BSLDB_Insetting1.jpg 2000w, https:\/\/cdnweb.danby.com\/wp-content\/uploads\/sites\/2\/2024\/10\/02164634\/DKC054A1BSLDB_Insetting1-300x300.jpg 300w, https:\/\/cdnweb.danby.com\/wp-content\/uploads\/sites\/2\/2024\/10\/02164634\/DKC054A1BSLDB_Insetting1-1024x1024.jpg 1024w, https:\/\/cdnweb.danby.com\/wp-content\/uploads\/sites\/2\/2024\/10\/02164634\/DKC054A1BSLDB_Insetting1-150x150.jpg 150w, https:\/\/cdnweb.danby.com\/wp-content\/uploads\/sites\/2\/2024\/10\/02164634\/DKC054A1BSLDB_Insetting1-768x768.jpg 768w, https:\/\/cdnweb.danby.com\/wp-content\/uploads\/sites\/2\/2024\/10\/02164634\/DKC054A1BSLDB_Insetting1-1536x1536.jpg 1536w, https:\/\/cdnweb.danby.com\/wp-content\/uploads\/sites\/2\/2024\/10\/02164634\/DKC054A1BSLDB_Insetting1-200x200.jpg 200w, https:\/\/cdnweb.danby.com\/wp-content\/uploads\/sites\/2\/2024\/10\/02164634\/DKC054A1BSLDB_Insetting1-416x416.jpg 416w, https:\/\/cdnweb.danby.com\/wp-content\/uploads\/sites\/2\/2024\/10\/02164634\/DKC054A1BSLDB_Insetting1-100x100.jpg 100w, https:\/\/cdnweb.danby.com\/wp-content\/uploads\/sites\/2\/2024\/10\/02164634\/DKC054A1BSLDB_Insetting1-64x64.jpg 64w\" sizes=\"(max-width: 2000px) 100vw, 2000px\" \/><\/div>\n\t\t<\/a>\n\t\t\t\t<div class=\"elementor-post__text\">\n\t\t\t\t<h3 class=\"elementor-post__title\">\n\t\t\t<a href=\"https:\/\/www.danby.com\/fr\/blog\/kegerators-portables-amener-la-fete-nimporte-ou-grace-a-la-distribution-de-biere-mobile\/\" >\n\t\t\t\tKegerators portables: amener la f\u00eate n&#8217;importe o\u00f9 gr\u00e2ce \u00e0 la distribution de bi\u00e8re mobile\u00a0\t\t\t<\/a>\n\t\t<\/h3>\n\t\t\t\t<div class=\"elementor-post__meta-data\">\n\t\t\t\t\t<span class=\"elementor-post-date\">\n\t\t\toctobre 2, 2024\t\t<\/span>\n\t\t\t\t<\/div>\n\t\t\t\t<div class=\"elementor-post__excerpt\">\n\t\t\t<p>Fatigu\u00e9 de transporter de lourdes glaci\u00e8res remplies de glace et de canettes \u00e0 chaque rassemblement? Rencontrez votre compagnon de f\u00eate<\/p>\n\t\t<\/div>\n\t\t\t\t\t<div class=\"elementor-post__read-more-wrapper\">\n\t\t\n\t\t<a class=\"elementor-post__read-more\" href=\"https:\/\/www.danby.com\/fr\/blog\/kegerators-portables-amener-la-fete-nimporte-ou-grace-a-la-distribution-de-biere-mobile\/\" aria-label=\"Read more about Kegerators portables: amener la f\u00eate n&#8217;importe o\u00f9 gr\u00e2ce \u00e0 la distribution de bi\u00e8re mobile\u00a0\" tabindex=\"-1\" >\n\t\t\tLire la suite \u00bb\t\t<\/a>\n\n\t\t\t\t\t<\/div>\n\t\t\t\t<\/div>\n\t\t\t\t<\/article>\n\t\t\t\t<article class=\"elementor-post elementor-grid-item post-24799 post type-post status-publish format-standard has-post-thumbnail hentry category-blog tag-accumulation-de-givre tag-appareils-menagers-danby tag-comment-reparer-laccumulation-de-givre-dans-un-congelateur-vertical tag-congelateur-armoire tag-conseils-pour-resoudre-les-fluctuations-de-temperature-des-congelateurs-verticaux tag-danby tag-depannage-des-problemes-courants-des-congelateurs-verticaux tag-joint-de-porte tag-machine-a-glacons-defectueuse-dans-le-depannage-du-congelateur tag-problemes-de-congelateur tag-refrigerateur tag-remplacement-du-joint-de-porte-du-congelateur-vertical tag-resoudre-les-problemes-de-congelateur\" role=\"listitem\">\n\t\t\t\t<a class=\"elementor-post__thumbnail__link\" href=\"https:\/\/www.danby.com\/fr\/blog\/5-problemes-courants-lies-aux-congelateurs-verticaux-et-comment-les-resoudre\/\" tabindex=\"-1\" >\n\t\t\t<div class=\"elementor-post__thumbnail\"><img loading=\"lazy\" decoding=\"async\" width=\"2560\" height=\"1704\" src=\"https:\/\/cdnweb.danby.com\/wp-content\/uploads\/sites\/2\/2023\/09\/18122435\/AdobeStock_187776801-scaled.jpeg\" class=\"attachment-full size-full wp-image-24802\" alt=\"\" srcset=\"https:\/\/cdnweb.danby.com\/wp-content\/uploads\/sites\/2\/2023\/09\/18122435\/AdobeStock_187776801-scaled.jpeg 2560w, https:\/\/cdnweb.danby.com\/wp-content\/uploads\/sites\/2\/2023\/09\/18122435\/AdobeStock_187776801-300x200.jpeg 300w, https:\/\/cdnweb.danby.com\/wp-content\/uploads\/sites\/2\/2023\/09\/18122435\/AdobeStock_187776801-1024x682.jpeg 1024w, https:\/\/cdnweb.danby.com\/wp-content\/uploads\/sites\/2\/2023\/09\/18122435\/AdobeStock_187776801-768x511.jpeg 768w, https:\/\/cdnweb.danby.com\/wp-content\/uploads\/sites\/2\/2023\/09\/18122435\/AdobeStock_187776801-1536x1022.jpeg 1536w, https:\/\/cdnweb.danby.com\/wp-content\/uploads\/sites\/2\/2023\/09\/18122435\/AdobeStock_187776801-2048x1363.jpeg 2048w, https:\/\/cdnweb.danby.com\/wp-content\/uploads\/sites\/2\/2023\/09\/18122435\/AdobeStock_187776801-200x133.jpeg 200w, https:\/\/cdnweb.danby.com\/wp-content\/uploads\/sites\/2\/2023\/09\/18122435\/AdobeStock_187776801-416x277.jpeg 416w, https:\/\/cdnweb.danby.com\/wp-content\/uploads\/sites\/2\/2023\/09\/18122435\/AdobeStock_187776801-64x43.jpeg 64w\" sizes=\"(max-width: 2560px) 100vw, 2560px\" \/><\/div>\n\t\t<\/a>\n\t\t\t\t<div class=\"elementor-post__text\">\n\t\t\t\t<h3 class=\"elementor-post__title\">\n\t\t\t<a href=\"https:\/\/www.danby.com\/fr\/blog\/5-problemes-courants-lies-aux-congelateurs-verticaux-et-comment-les-resoudre\/\" >\n\t\t\t\t5 probl\u00e8mes courants li\u00e9s aux cong\u00e9lateurs verticaux et comment les r\u00e9soudre\t\t\t<\/a>\n\t\t<\/h3>\n\t\t\t\t<div class=\"elementor-post__meta-data\">\n\t\t\t\t\t<span class=\"elementor-post-date\">\n\t\t\tseptembre 18, 2023\t\t<\/span>\n\t\t\t\t<\/div>\n\t\t\t\t<div class=\"elementor-post__excerpt\">\n\t\t\t<p>Les cong\u00e9lateurs verticaux sont une b\u00e9n\u00e9diction lorsqu&#8217;il s&#8217;agit de conserver les aliments frais et pr\u00eats \u00e0 \u00eatre consomm\u00e9s, mais comme<\/p>\n\t\t<\/div>\n\t\t\t\t\t<div class=\"elementor-post__read-more-wrapper\">\n\t\t\n\t\t<a class=\"elementor-post__read-more\" href=\"https:\/\/www.danby.com\/fr\/blog\/5-problemes-courants-lies-aux-congelateurs-verticaux-et-comment-les-resoudre\/\" aria-label=\"Read more about 5 probl\u00e8mes courants li\u00e9s aux cong\u00e9lateurs verticaux et comment les r\u00e9soudre\" tabindex=\"-1\" >\n\t\t\tLire la suite \u00bb\t\t<\/a>\n\n\t\t\t\t\t<\/div>\n\t\t\t\t<\/div>\n\t\t\t\t<\/article>\n\t\t\t\t<article class=\"elementor-post elementor-grid-item post-22662 post type-post status-publish format-standard has-post-thumbnail hentry category-blog tag-amelioration-esthetique tag-appareils-menagers-danby tag-conservation-des-aliments tag-consommation-denergie-elevee tag-danby tag-duree-de-vie-des-appareils tag-efficacite-energetique tag-etranges-bruits tag-gaspillage-des-aliments tag-les-essentiels-du-refrigerateur tag-modernisez-votre-refrigerateur tag-refrigerateurs-danby tag-remplacer-un-vieux-refrigerateur\" role=\"listitem\">\n\t\t\t\t<a class=\"elementor-post__thumbnail__link\" href=\"https:\/\/www.danby.com\/fr\/blog\/signes-indiquant-quil-est-temps-de-remplacer-votre-vieux-refrigerateur\/\" tabindex=\"-1\" >\n\t\t\t<div class=\"elementor-post__thumbnail\"><img loading=\"lazy\" decoding=\"async\" width=\"1920\" height=\"1244\" src=\"https:\/\/cdnweb.danby.com\/wp-content\/uploads\/sites\/2\/2023\/05\/26170730\/thumbnail_AdobeStock_314576169.jpg\" class=\"attachment-full size-full wp-image-22663\" alt=\"\" srcset=\"https:\/\/cdnweb.danby.com\/wp-content\/uploads\/sites\/2\/2023\/05\/26170730\/thumbnail_AdobeStock_314576169.jpg 1920w, https:\/\/cdnweb.danby.com\/wp-content\/uploads\/sites\/2\/2023\/05\/26170730\/thumbnail_AdobeStock_314576169-300x194.jpg 300w, https:\/\/cdnweb.danby.com\/wp-content\/uploads\/sites\/2\/2023\/05\/26170730\/thumbnail_AdobeStock_314576169-1024x663.jpg 1024w, https:\/\/cdnweb.danby.com\/wp-content\/uploads\/sites\/2\/2023\/05\/26170730\/thumbnail_AdobeStock_314576169-768x498.jpg 768w, https:\/\/cdnweb.danby.com\/wp-content\/uploads\/sites\/2\/2023\/05\/26170730\/thumbnail_AdobeStock_314576169-1536x995.jpg 1536w, https:\/\/cdnweb.danby.com\/wp-content\/uploads\/sites\/2\/2023\/05\/26170730\/thumbnail_AdobeStock_314576169-200x130.jpg 200w, https:\/\/cdnweb.danby.com\/wp-content\/uploads\/sites\/2\/2023\/05\/26170730\/thumbnail_AdobeStock_314576169-600x389.jpg 600w, https:\/\/cdnweb.danby.com\/wp-content\/uploads\/sites\/2\/2023\/05\/26170730\/thumbnail_AdobeStock_314576169-85x55.jpg 85w, https:\/\/cdnweb.danby.com\/wp-content\/uploads\/sites\/2\/2023\/05\/26170730\/thumbnail_AdobeStock_314576169-64x41.jpg 64w\" sizes=\"(max-width: 1920px) 100vw, 1920px\" \/><\/div>\n\t\t<\/a>\n\t\t\t\t<div class=\"elementor-post__text\">\n\t\t\t\t<h3 class=\"elementor-post__title\">\n\t\t\t<a href=\"https:\/\/www.danby.com\/fr\/blog\/signes-indiquant-quil-est-temps-de-remplacer-votre-vieux-refrigerateur\/\" >\n\t\t\t\tSignes indiquant qu&#8217;il est temps de remplacer votre vieux r\u00e9frig\u00e9rateur\t\t\t<\/a>\n\t\t<\/h3>\n\t\t\t\t<div class=\"elementor-post__meta-data\">\n\t\t\t\t\t<span class=\"elementor-post-date\">\n\t\t\tmai 25, 2023\t\t<\/span>\n\t\t\t\t<\/div>\n\t\t\t\t<div class=\"elementor-post__excerpt\">\n\t\t\t<p>Le r\u00e9frig\u00e9rateur occupe une place importante parmi les appareils essentiels que l&#8217;on trouve dans chaque foyer. Sa fonction premi\u00e8re est<\/p>\n\t\t<\/div>\n\t\t\t\t\t<div class=\"elementor-post__read-more-wrapper\">\n\t\t\n\t\t<a class=\"elementor-post__read-more\" href=\"https:\/\/www.danby.com\/fr\/blog\/signes-indiquant-quil-est-temps-de-remplacer-votre-vieux-refrigerateur\/\" aria-label=\"Read more about Signes indiquant qu&#8217;il est temps de remplacer votre vieux r\u00e9frig\u00e9rateur\" tabindex=\"-1\" >\n\t\t\tLire la suite \u00bb\t\t<\/a>\n\n\t\t\t\t\t<\/div>\n\t\t\t\t<\/div>\n\t\t\t\t<\/article>\n\t\t\t\t<article class=\"elementor-post elementor-grid-item post-21264 post type-post status-publish format-standard has-post-thumbnail hentry category-blog tag-appareils-menagers-danby tag-climatiseur-portable tag-confort tag-danby tag-deshumidificateur tag-ete tag-humidite tag-option-de-vidange-continue tag-refroidissement\" role=\"listitem\">\n\t\t\t\t<a class=\"elementor-post__thumbnail__link\" href=\"https:\/\/www.danby.com\/fr\/blog\/comment-utiliser-votre-climatiseur-portable-comme-deshumidificateur\/\" tabindex=\"-1\" >\n\t\t\t<div class=\"elementor-post__thumbnail\"><img loading=\"lazy\" decoding=\"async\" width=\"1024\" height=\"1024\" src=\"https:\/\/cdnweb.danby.com\/wp-content\/uploads\/sites\/2\/2023\/04\/17141521\/DPA080E3WDB-6_Insetting2-1024x1024-1.jpg\" class=\"attachment-full size-full wp-image-21265\" alt=\"\" srcset=\"https:\/\/cdnweb.danby.com\/wp-content\/uploads\/sites\/2\/2023\/04\/17141521\/DPA080E3WDB-6_Insetting2-1024x1024-1.jpg 1024w, https:\/\/cdnweb.danby.com\/wp-content\/uploads\/sites\/2\/2023\/04\/17141521\/DPA080E3WDB-6_Insetting2-1024x1024-1-300x300.jpg 300w, https:\/\/cdnweb.danby.com\/wp-content\/uploads\/sites\/2\/2023\/04\/17141521\/DPA080E3WDB-6_Insetting2-1024x1024-1-150x150.jpg 150w, https:\/\/cdnweb.danby.com\/wp-content\/uploads\/sites\/2\/2023\/04\/17141521\/DPA080E3WDB-6_Insetting2-1024x1024-1-768x768.jpg 768w, https:\/\/cdnweb.danby.com\/wp-content\/uploads\/sites\/2\/2023\/04\/17141521\/DPA080E3WDB-6_Insetting2-1024x1024-1-200x200.jpg 200w, https:\/\/cdnweb.danby.com\/wp-content\/uploads\/sites\/2\/2023\/04\/17141521\/DPA080E3WDB-6_Insetting2-1024x1024-1-600x600.jpg 600w, https:\/\/cdnweb.danby.com\/wp-content\/uploads\/sites\/2\/2023\/04\/17141521\/DPA080E3WDB-6_Insetting2-1024x1024-1-85x85.jpg 85w, https:\/\/cdnweb.danby.com\/wp-content\/uploads\/sites\/2\/2023\/04\/17141521\/DPA080E3WDB-6_Insetting2-1024x1024-1-64x64.jpg 64w\" sizes=\"(max-width: 1024px) 100vw, 1024px\" \/><\/div>\n\t\t<\/a>\n\t\t\t\t<div class=\"elementor-post__text\">\n\t\t\t\t<h3 class=\"elementor-post__title\">\n\t\t\t<a href=\"https:\/\/www.danby.com\/fr\/blog\/comment-utiliser-votre-climatiseur-portable-comme-deshumidificateur\/\" >\n\t\t\t\t<strong>Comment utiliser votre climatiseur portable comme d\u00e9shumidificateur?<\/strong>\u00a0\t\t\t<\/a>\n\t\t<\/h3>\n\t\t\t\t<div class=\"elementor-post__meta-data\">\n\t\t\t\t\t<span class=\"elementor-post-date\">\n\t\t\tavril 12, 2023\t\t<\/span>\n\t\t\t\t<\/div>\n\t\t\t\t<div class=\"elementor-post__excerpt\">\n\t\t\t<p>L&#8217;\u00e9t\u00e9 est synonyme de chaleur et d&#8217;humidit\u00e9 et beaucoup d&#8217;entre nous cherchent des moyens de rester au frais. Les climatiseurs<\/p>\n\t\t<\/div>\n\t\t\t\t\t<div class=\"elementor-post__read-more-wrapper\">\n\t\t\n\t\t<a class=\"elementor-post__read-more\" href=\"https:\/\/www.danby.com\/fr\/blog\/comment-utiliser-votre-climatiseur-portable-comme-deshumidificateur\/\" aria-label=\"Read more about &lt;strong&gt;Comment utiliser votre climatiseur portable comme d\u00e9shumidificateur?&lt;\/strong&gt;\u00a0\" tabindex=\"-1\" >\n\t\t\tLire la suite \u00bb\t\t<\/a>\n\n\t\t\t\t\t<\/div>\n\t\t\t\t<\/div>\n\t\t\t\t<\/article>\n\t\t\t\t<article class=\"elementor-post elementor-grid-item post-19591 post type-post status-publish format-standard has-post-thumbnail hentry category-blog tag-appareils-menagers-danby tag-compost tag-danby tag-ecologique tag-lomi tag-terre\" role=\"listitem\">\n\t\t\t\t<a class=\"elementor-post__thumbnail__link\" href=\"https:\/\/www.danby.com\/fr\/blog\/quest-ce-que-le-lomi\/\" tabindex=\"-1\" >\n\t\t\t<div class=\"elementor-post__thumbnail\"><img loading=\"lazy\" decoding=\"async\" width=\"400\" height=\"266\" src=\"https:\/\/cdnweb.danby.com\/wp-content\/uploads\/sites\/2\/2022\/11\/24115638\/admin-ajax.jpg\" class=\"attachment-full size-full wp-image-19592\" alt=\"\" srcset=\"https:\/\/cdnweb.danby.com\/wp-content\/uploads\/sites\/2\/2022\/11\/24115638\/admin-ajax.jpg 400w, https:\/\/cdnweb.danby.com\/wp-content\/uploads\/sites\/2\/2022\/11\/24115638\/admin-ajax-300x200.jpg 300w, https:\/\/cdnweb.danby.com\/wp-content\/uploads\/sites\/2\/2022\/11\/24115638\/admin-ajax-85x57.jpg 85w, https:\/\/cdnweb.danby.com\/wp-content\/uploads\/sites\/2\/2022\/11\/24115638\/admin-ajax-64x43.jpg 64w\" sizes=\"(max-width: 400px) 100vw, 400px\" \/><\/div>\n\t\t<\/a>\n\t\t\t\t<div class=\"elementor-post__text\">\n\t\t\t\t<h3 class=\"elementor-post__title\">\n\t\t\t<a href=\"https:\/\/www.danby.com\/fr\/blog\/quest-ce-que-le-lomi\/\" >\n\t\t\t\tQu&#8217;est-ce que le Lomi\u00a0\t\t\t<\/a>\n\t\t<\/h3>\n\t\t\t\t<div class=\"elementor-post__meta-data\">\n\t\t\t\t\t<span class=\"elementor-post-date\">\n\t\t\tnovembre 24, 2022\t\t<\/span>\n\t\t\t\t<\/div>\n\t\t\t\t<div class=\"elementor-post__excerpt\">\n\t\t\t<p>Chaque jour, les gens s&#8217;int\u00e9ressent davantage \u00e0 l&#8217;avenir de notre plan\u00e8te. Ils font de petits gestes pour aider \u00e0 r\u00e9duire<\/p>\n\t\t<\/div>\n\t\t\t\t\t<div class=\"elementor-post__read-more-wrapper\">\n\t\t\n\t\t<a class=\"elementor-post__read-more\" href=\"https:\/\/www.danby.com\/fr\/blog\/quest-ce-que-le-lomi\/\" aria-label=\"Read more about Qu&#8217;est-ce que le Lomi\u00a0\" tabindex=\"-1\" >\n\t\t\tLire la suite \u00bb\t\t<\/a>\n\n\t\t\t\t\t<\/div>\n\t\t\t\t<\/div>\n\t\t\t\t<\/article>\n\t\t\t\t<article class=\"elementor-post elementor-grid-item post-4414 post type-post status-publish format-standard has-post-thumbnail hentry category-blog\" role=\"listitem\">\n\t\t\t\t<a class=\"elementor-post__thumbnail__link\" href=\"https:\/\/www.danby.com\/fr\/blog\/climatiseurs-portables-a-tuyau-unique-et-a-tuyau-double\/\" tabindex=\"-1\" >\n\t\t\t<div class=\"elementor-post__thumbnail\"><img loading=\"lazy\" decoding=\"async\" width=\"2560\" height=\"1707\" src=\"https:\/\/cdnweb.danby.com\/wp-content\/uploads\/sites\/2\/2022\/01\/17072146\/DPA120B9IBDB-6_insetting2-scaled-1.jpg\" class=\"attachment-full size-full wp-image-4415\" alt=\"\" srcset=\"https:\/\/cdnweb.danby.com\/wp-content\/uploads\/sites\/2\/2022\/01\/17072146\/DPA120B9IBDB-6_insetting2-scaled-1.jpg 2560w, https:\/\/cdnweb.danby.com\/wp-content\/uploads\/sites\/2\/2022\/01\/17072146\/DPA120B9IBDB-6_insetting2-scaled-1-300x200.jpg 300w, https:\/\/cdnweb.danby.com\/wp-content\/uploads\/sites\/2\/2022\/01\/17072146\/DPA120B9IBDB-6_insetting2-scaled-1-1024x683.jpg 1024w, https:\/\/cdnweb.danby.com\/wp-content\/uploads\/sites\/2\/2022\/01\/17072146\/DPA120B9IBDB-6_insetting2-scaled-1-768x512.jpg 768w, https:\/\/cdnweb.danby.com\/wp-content\/uploads\/sites\/2\/2022\/01\/17072146\/DPA120B9IBDB-6_insetting2-scaled-1-1536x1024.jpg 1536w, https:\/\/cdnweb.danby.com\/wp-content\/uploads\/sites\/2\/2022\/01\/17072146\/DPA120B9IBDB-6_insetting2-scaled-1-2048x1366.jpg 2048w, https:\/\/cdnweb.danby.com\/wp-content\/uploads\/sites\/2\/2022\/01\/17072146\/DPA120B9IBDB-6_insetting2-scaled-1-600x400.jpg 600w, https:\/\/cdnweb.danby.com\/wp-content\/uploads\/sites\/2\/2022\/01\/17072146\/DPA120B9IBDB-6_insetting2-scaled-1-85x57.jpg 85w, https:\/\/cdnweb.danby.com\/wp-content\/uploads\/sites\/2\/2022\/01\/17072146\/DPA120B9IBDB-6_insetting2-scaled-1-64x43.jpg 64w\" sizes=\"(max-width: 2560px) 100vw, 2560px\" \/><\/div>\n\t\t<\/a>\n\t\t\t\t<div class=\"elementor-post__text\">\n\t\t\t\t<h3 class=\"elementor-post__title\">\n\t\t\t<a href=\"https:\/\/www.danby.com\/fr\/blog\/climatiseurs-portables-a-tuyau-unique-et-a-tuyau-double\/\" >\n\t\t\t\tClimatiseurs portables \u00e0 tuyau unique et \u00e0 tuyau double\t\t\t<\/a>\n\t\t<\/h3>\n\t\t\t\t<div class=\"elementor-post__meta-data\">\n\t\t\t\t\t<span class=\"elementor-post-date\">\n\t\t\tnovembre 30, 2021\t\t<\/span>\n\t\t\t\t<\/div>\n\t\t\t\t<div class=\"elementor-post__excerpt\">\n\t\t\t<p>&nbsp; Si l&#8217;achat d&#8217;un climatiseur est souvent une r\u00e9ponse \u00e0 la chaleur de l&#8217;\u00e9t\u00e9, il n\u00e9cessite une r\u00e9flexion approfondie. Fen\u00eatre<\/p>\n\t\t<\/div>\n\t\t\t\t\t<div class=\"elementor-post__read-more-wrapper\">\n\t\t\n\t\t<a class=\"elementor-post__read-more\" href=\"https:\/\/www.danby.com\/fr\/blog\/climatiseurs-portables-a-tuyau-unique-et-a-tuyau-double\/\" aria-label=\"Read more about Climatiseurs portables \u00e0 tuyau unique et \u00e0 tuyau double\" tabindex=\"-1\" >\n\t\t\tLire la suite \u00bb\t\t<\/a>\n\n\t\t\t\t\t<\/div>\n\t\t\t\t<\/div>\n\t\t\t\t<\/article>\n\t\t\t\t<article class=\"elementor-post elementor-grid-item post-4352 post type-post status-publish format-standard has-post-thumbnail hentry category-blog\" role=\"listitem\">\n\t\t\t\t<a class=\"elementor-post__thumbnail__link\" href=\"https:\/\/www.danby.com\/fr\/blog\/comment-se-preparer-pour-action-de-grace\/\" tabindex=\"-1\" >\n\t\t\t<div class=\"elementor-post__thumbnail\"><img loading=\"lazy\" decoding=\"async\" width=\"1200\" height=\"801\" src=\"https:\/\/cdnweb.danby.com\/wp-content\/uploads\/sites\/2\/2022\/01\/17071828\/Science_and_Thanksgiving_The_Pulse_1200.jpg\" class=\"attachment-full size-full wp-image-4353\" alt=\"\" srcset=\"https:\/\/cdnweb.danby.com\/wp-content\/uploads\/sites\/2\/2022\/01\/17071828\/Science_and_Thanksgiving_The_Pulse_1200.jpg 1200w, https:\/\/cdnweb.danby.com\/wp-content\/uploads\/sites\/2\/2022\/01\/17071828\/Science_and_Thanksgiving_The_Pulse_1200-300x200.jpg 300w, https:\/\/cdnweb.danby.com\/wp-content\/uploads\/sites\/2\/2022\/01\/17071828\/Science_and_Thanksgiving_The_Pulse_1200-1024x684.jpg 1024w, https:\/\/cdnweb.danby.com\/wp-content\/uploads\/sites\/2\/2022\/01\/17071828\/Science_and_Thanksgiving_The_Pulse_1200-768x513.jpg 768w, https:\/\/cdnweb.danby.com\/wp-content\/uploads\/sites\/2\/2022\/01\/17071828\/Science_and_Thanksgiving_The_Pulse_1200-600x401.jpg 600w, https:\/\/cdnweb.danby.com\/wp-content\/uploads\/sites\/2\/2022\/01\/17071828\/Science_and_Thanksgiving_The_Pulse_1200-85x57.jpg 85w, https:\/\/cdnweb.danby.com\/wp-content\/uploads\/sites\/2\/2022\/01\/17071828\/Science_and_Thanksgiving_The_Pulse_1200-64x43.jpg 64w\" sizes=\"(max-width: 1200px) 100vw, 1200px\" \/><\/div>\n\t\t<\/a>\n\t\t\t\t<div class=\"elementor-post__text\">\n\t\t\t\t<h3 class=\"elementor-post__title\">\n\t\t\t<a href=\"https:\/\/www.danby.com\/fr\/blog\/comment-se-preparer-pour-action-de-grace\/\" >\n\t\t\t\tComment se Pr\u00e9parer pour Action de Gr\u00e2ce\t\t\t<\/a>\n\t\t<\/h3>\n\t\t\t\t<div class=\"elementor-post__meta-data\">\n\t\t\t\t\t<span class=\"elementor-post-date\">\n\t\t\tjanvier 7, 2017\t\t<\/span>\n\t\t\t\t<\/div>\n\t\t\t\t<div class=\"elementor-post__excerpt\">\n\t\t\t<p>La p\u00e9riode de l&#8217;ann\u00e9e est venue pour se r\u00e9unir une fois de plus avec vos proches pour manger et \u00eatre<\/p>\n\t\t<\/div>\n\t\t\t\t\t<div class=\"elementor-post__read-more-wrapper\">\n\t\t\n\t\t<a class=\"elementor-post__read-more\" href=\"https:\/\/www.danby.com\/fr\/blog\/comment-se-preparer-pour-action-de-grace\/\" aria-label=\"Read more about Comment se Pr\u00e9parer pour Action de Gr\u00e2ce\" tabindex=\"-1\" >\n\t\t\tLire la suite \u00bb\t\t<\/a>\n\n\t\t\t\t\t<\/div>\n\t\t\t\t<\/div>\n\t\t\t\t<\/article>\n\t\t\t\t<\/div>\n\t\t\n\t\t\t\t<div class=\"e-load-more-anchor\" data-page=\"1\" data-max-page=\"2\" data-next-page=\"https:\/\/www.danby.com\/fr\/wp-json\/wp\/v2\/pages\/31628\/page\/2\/\"><\/div>\n\t\t\t\t<nav class=\"elementor-pagination\" aria-label=\"Pagination\">\n\t\t\t<span class=\"page-numbers prev\">&laquo; Pr\u00e9c\u00e9dent<\/span>\n<span aria-current=\"page\" class=\"page-numbers current\"><span class=\"elementor-screen-only\">Page<\/span>1<\/span>\n<a class=\"page-numbers\" href=\"https:\/\/www.danby.com\/fr\/wp-json\/wp\/v2\/pages\/31628\/page\/2\/\"><span class=\"elementor-screen-only\">Page<\/span>2<\/a>\n<a class=\"page-numbers next\" href=\"https:\/\/www.danby.com\/fr\/wp-json\/wp\/v2\/pages\/31628\/page\/2\/\">Suivant &raquo;<\/a>\t\t<\/nav>\n\t\t\t\t\t\t<\/div>\n\t\t\t\t<\/div>\n\t\t\t\t\t<\/div>\n\t\t<\/div>\n\t\t\t\t\t<\/div>\n\t\t<\/section>\n\t\t\t\t<\/div>\n\t\t","protected":false},"excerpt":{"rendered":"<p>\u202fLe blog de Danby\u202f<\/p>\n","protected":false},"author":11022,"featured_media":0,"parent":0,"menu_order":0,"comment_status":"closed","ping_status":"closed","template":"elementor_header_footer","meta":{"_acf_changed":false,"footnotes":""},"class_list":["post-31628","page","type-page","status-publish","hentry"],"acf":[],"yoast_head":"<!-- This site is optimized with the Yoast SEO plugin v27.5 - https:\/\/yoast.com\/product\/yoast-seo-wordpress\/ -->\n<title>Blog | Danby Canada<\/title>\n<meta name=\"robots\" content=\"index, follow, max-snippet:-1, max-image-preview:large, max-video-preview:-1\" \/>\n<link rel=\"canonical\" href=\"https:\/\/www.danby.com\/fr\/blog\/\" \/>\n<meta property=\"og:locale\" content=\"fr_CA\" \/>\n<meta property=\"og:type\" content=\"article\" \/>\n<meta property=\"og:title\" content=\"Blog | Danby Canada\" \/>\n<meta property=\"og:description\" content=\"\u202fLe blog de Danby\u202f\" \/>\n<meta property=\"og:url\" content=\"https:\/\/www.danby.com\/fr\/blog\/\" \/>\n<meta property=\"og:site_name\" content=\"Danby - Canada - French\" \/>\n<meta property=\"article:publisher\" content=\"https:\/\/www.facebook.com\/DanbyAppliances\" \/>\n<meta property=\"article:modified_time\" content=\"2025-05-02T18:29:17+00:00\" \/>\n<meta property=\"og:image\" content=\"https:\/\/cdnweb.danby.com\/wp-content\/uploads\/sites\/2\/2022\/03\/14160239\/Danby75Ans_OG_FB.png\" \/>\n\t<meta property=\"og:image:width\" content=\"1200\" \/>\n\t<meta property=\"og:image:height\" content=\"630\" \/>\n\t<meta property=\"og:image:type\" content=\"image\/png\" \/>\n<meta name=\"twitter:card\" content=\"summary_large_image\" \/>\n<meta name=\"twitter:site\" content=\"@DanbyAppliance\" \/>\n<meta name=\"twitter:label1\" content=\"Estimation du temps de lecture\" \/>\n\t<meta name=\"twitter:data1\" content=\"7 minutes\" \/>\n<script type=\"application\/ld+json\" class=\"yoast-schema-graph\">{\"@context\":\"https:\\\/\\\/schema.org\",\"@graph\":[{\"@type\":\"WebPage\",\"url\":\"https:\\\/\\\/www.danby.com\\\/fr\\\/blog\\\/\",\"name\":\"Blog | Danby Canada\",\"isPartOf\":[],\"datePublished\":\"2025-05-02T18:09:46+00:00\",\"dateModified\":\"2025-05-02T18:29:17+00:00\",\"breadcrumb\":[],\"inLanguage\":\"fr-CA\",\"potentialAction\":[{\"@type\":\"ReadAction\",\"target\":[\"https:\\\/\\\/www.danby.com\\\/fr\\\/blog\\\/\"]}]},{\"@type\":\"BreadcrumbList\",\"itemListElement\":[{\"@type\":\"ListItem\",\"position\":1,\"name\":\"Home\",\"item\":\"https:\\\/\\\/www.danby.com\\\/fr\\\/\"},{\"@type\":\"ListItem\",\"position\":2,\"name\":\"Blog\"}]},{\"@type\":\"WebSite\",\"url\":\"https:\\\/\\\/www.danby.com\\\/fr\\\/\",\"name\":\"Danby - Canada - French\",\"description\":\"Leader dans le domaine de la r\u00e9frig\u00e9ration et des appareils sp\u00e9cialis\u00e9s\",\"publisher\":[],\"potentialAction\":[{\"@type\":\"SearchAction\",\"target\":{\"@type\":\"EntryPoint\",\"urlTemplate\":\"https:\\\/\\\/www.danby.com\\\/fr\\\/?s={search_term_string}\"},\"query-input\":{\"@type\":\"PropertyValueSpecification\",\"valueRequired\":true,\"valueName\":\"search_term_string\"}}],\"inLanguage\":\"fr-CA\"},{\"@type\":\"Organization\",\"name\":\"Danby Appliances\",\"url\":\"https:\\\/\\\/www.danby.com\\\/fr\\\/\",\"logo\":{\"@type\":\"ImageObject\",\"inLanguage\":\"fr-CA\",\"url\":\"https:\\\/\\\/cdnweb.danby.com\\\/wp-content\\\/uploads\\\/sites\\\/2\\\/2022\\\/02\\\/10141906\\\/Danby75Ans_Blue.png\",\"contentUrl\":\"https:\\\/\\\/cdnweb.danby.com\\\/wp-content\\\/uploads\\\/sites\\\/2\\\/2022\\\/02\\\/10141906\\\/Danby75Ans_Blue.png\",\"width\":470,\"height\":110,\"caption\":\"Danby Appliances\"},\"image\":[],\"sameAs\":[\"https:\\\/\\\/www.facebook.com\\\/DanbyAppliances\",\"https:\\\/\\\/x.com\\\/DanbyAppliance\",\"https:\\\/\\\/instagram.com\\\/danbyappliances\\\/\",\"https:\\\/\\\/www.linkedin.com\\\/company\\\/danbyappliances\",\"https:\\\/\\\/www.pinterest.ca\\\/danbyappliances\\\/\",\"https:\\\/\\\/www.youtube.com\\\/user\\\/DanbyProducts\",\"https:\\\/\\\/en.wikipedia.org\\\/wiki\\\/Danby_(appliances)\"]}]}<\/script>\n<!-- \/ Yoast SEO plugin. -->","yoast_head_json":{"title":"Blog | Danby Canada","robots":{"index":"index","follow":"follow","max-snippet":"max-snippet:-1","max-image-preview":"max-image-preview:large","max-video-preview":"max-video-preview:-1"},"canonical":"https:\/\/www.danby.com\/fr\/blog\/","og_locale":"fr_CA","og_type":"article","og_title":"Blog | Danby Canada","og_description":"\u202fLe blog de Danby\u202f","og_url":"https:\/\/www.danby.com\/fr\/blog\/","og_site_name":"Danby - Canada - French","article_publisher":"https:\/\/www.facebook.com\/DanbyAppliances","article_modified_time":"2025-05-02T18:29:17+00:00","og_image":[{"width":1200,"height":630,"url":"https:\/\/cdnweb.danby.com\/wp-content\/uploads\/sites\/2\/2022\/03\/14160239\/Danby75Ans_OG_FB.png","type":"image\/png"}],"twitter_card":"summary_large_image","twitter_site":"@DanbyAppliance","twitter_misc":{"Estimation du temps de lecture":"7 minutes"},"schema":{"@context":"https:\/\/schema.org","@graph":[{"@type":"WebPage","url":"https:\/\/www.danby.com\/fr\/blog\/","name":"Blog | Danby Canada","isPartOf":[],"datePublished":"2025-05-02T18:09:46+00:00","dateModified":"2025-05-02T18:29:17+00:00","breadcrumb":[],"inLanguage":"fr-CA","potentialAction":[{"@type":"ReadAction","target":["https:\/\/www.danby.com\/fr\/blog\/"]}]},{"@type":"BreadcrumbList","itemListElement":[{"@type":"ListItem","position":1,"name":"Home","item":"https:\/\/www.danby.com\/fr\/"},{"@type":"ListItem","position":2,"name":"Blog"}]},{"@type":"WebSite","url":"https:\/\/www.danby.com\/fr\/","name":"Danby - Canada - French","description":"Leader dans le domaine de la r\u00e9frig\u00e9ration et des appareils sp\u00e9cialis\u00e9s","publisher":[],"potentialAction":[{"@type":"SearchAction","target":{"@type":"EntryPoint","urlTemplate":"https:\/\/www.danby.com\/fr\/?s={search_term_string}"},"query-input":{"@type":"PropertyValueSpecification","valueRequired":true,"valueName":"search_term_string"}}],"inLanguage":"fr-CA"},{"@type":"Organization","name":"Danby Appliances","url":"https:\/\/www.danby.com\/fr\/","logo":{"@type":"ImageObject","inLanguage":"fr-CA","url":"https:\/\/cdnweb.danby.com\/wp-content\/uploads\/sites\/2\/2022\/02\/10141906\/Danby75Ans_Blue.png","contentUrl":"https:\/\/cdnweb.danby.com\/wp-content\/uploads\/sites\/2\/2022\/02\/10141906\/Danby75Ans_Blue.png","width":470,"height":110,"caption":"Danby Appliances"},"image":[],"sameAs":["https:\/\/www.facebook.com\/DanbyAppliances","https:\/\/x.com\/DanbyAppliance","https:\/\/instagram.com\/danbyappliances\/","https:\/\/www.linkedin.com\/company\/danbyappliances","https:\/\/www.pinterest.ca\/danbyappliances\/","https:\/\/www.youtube.com\/user\/DanbyProducts","https:\/\/en.wikipedia.org\/wiki\/Danby_(appliances)"]}]}},"post_mailing_queue_ids":[],"_links":{"self":[{"href":"https:\/\/www.danby.com\/fr\/wp-json\/wp\/v2\/pages\/31628","targetHints":{"allow":["GET"]}}],"collection":[{"href":"https:\/\/www.danby.com\/fr\/wp-json\/wp\/v2\/pages"}],"about":[{"href":"https:\/\/www.danby.com\/fr\/wp-json\/wp\/v2\/types\/page"}],"author":[{"embeddable":true,"href":"https:\/\/www.danby.com\/fr\/wp-json\/wp\/v2\/users\/11022"}],"replies":[{"embeddable":true,"href":"https:\/\/www.danby.com\/fr\/wp-json\/wp\/v2\/comments?post=31628"}],"version-history":[{"count":0,"href":"https:\/\/www.danby.com\/fr\/wp-json\/wp\/v2\/pages\/31628\/revisions"}],"wp:attachment":[{"href":"https:\/\/www.danby.com\/fr\/wp-json\/wp\/v2\/media?parent=31628"}],"curies":[{"name":"wp","href":"https:\/\/api.w.org\/{rel}","templated":true}]}}