{"id":172,"date":"2021-10-20T10:50:15","date_gmt":"2021-10-20T10:50:15","guid":{"rendered":"https:\/\/www.danby.com\/fr\/corporate-social-responsibility\/"},"modified":"2024-09-23T10:43:44","modified_gmt":"2024-09-23T10:43:44","slug":"responsabilite-sociale-des-entreprises","status":"publish","type":"page","link":"https:\/\/www.danby.com\/fr\/responsabilite-sociale-des-entreprises\/","title":{"rendered":"Responsabilit\u00e9 sociale des entreprises"},"content":{"rendered":"\t\t<div data-elementor-type=\"wp-page\" data-elementor-id=\"172\" class=\"elementor elementor-172\" data-elementor-post-type=\"page\">\n\t\t\t\t\t\t<section class=\"elementor-section elementor-top-section elementor-element elementor-element-5bd42c5f elementor-section-full_width elementor-section-height-min-height elementor-section-stretched elementor-section-height-default elementor-section-items-middle\" data-id=\"5bd42c5f\" data-element_type=\"section\" data-e-type=\"section\" data-settings=\"{&quot;stretch_section&quot;:&quot;section-stretched&quot;,&quot;background_background&quot;:&quot;classic&quot;}\">\n\t\t\t\t\t\t<div class=\"elementor-container elementor-column-gap-default\">\n\t\t\t\t\t<div class=\"elementor-column elementor-col-100 elementor-top-column elementor-element elementor-element-5ddb5cd7\" data-id=\"5ddb5cd7\" data-element_type=\"column\" data-e-type=\"column\">\n\t\t\t<div class=\"elementor-widget-wrap elementor-element-populated\">\n\t\t\t\t\t\t<div class=\"elementor-element elementor-element-4f17e37c elementor-widget__width-auto elementor-widget elementor-widget-heading\" data-id=\"4f17e37c\" data-element_type=\"widget\" data-e-type=\"widget\" data-widget_type=\"heading.default\">\n\t\t\t\t<div class=\"elementor-widget-container\">\n\t\t\t\t\t<h1 class=\"elementor-heading-title elementor-size-default\">Responsabilit\u00e9 sociale des entreprises<\/h1>\t\t\t\t<\/div>\n\t\t\t\t<\/div>\n\t\t\t\t\t<\/div>\n\t\t<\/div>\n\t\t\t\t\t<\/div>\n\t\t<\/section>\n\t\t\t\t<section class=\"elementor-section elementor-top-section elementor-element elementor-element-a74dc0c elementor-section-boxed elementor-section-height-default elementor-section-height-default\" data-id=\"a74dc0c\" data-element_type=\"section\" data-e-type=\"section\">\n\t\t\t\t\t\t<div class=\"elementor-container elementor-column-gap-no\">\n\t\t\t\t\t<div class=\"elementor-column elementor-col-100 elementor-top-column elementor-element elementor-element-446685a8\" data-id=\"446685a8\" data-element_type=\"column\" data-e-type=\"column\">\n\t\t\t<div class=\"elementor-widget-wrap elementor-element-populated\">\n\t\t\t\t\t\t<div class=\"elementor-element elementor-element-328a7163 elementor-widget elementor-widget-text-editor\" data-id=\"328a7163\" data-element_type=\"widget\" data-e-type=\"widget\" data-widget_type=\"text-editor.default\">\n\t\t\t\t<div class=\"elementor-widget-container\">\n\t\t\t\t\t\t\t\t\t<p><strong>&#8221; Les conditions de travail \u00e9thiques ne sont pas un privil\u00e8ge, mais un droit. Nous nous effor\u00e7ons toujours de faire ce qu&#8217;il faut pour nous assurer que chaque membre de la famille Danby, au Canada, aux \u00c9tats-Unis et \u00e0 l&#8217;\u00e9tranger, est trait\u00e9 avec dignit\u00e9 et respect. Notre code de conduite des fournisseurs garantit que nos partenaires de la cha\u00eene d&#8217;approvisionnement font \u00e9galement ce qu&#8217;il faut.&#8221; <\/strong><\/p><p><strong>&#8211; Jim Estill, propri\u00e9taire et PDG<\/strong><\/p><p>Danby prend tr\u00e8s au s\u00e9rieux les conditions de travail et la s\u00e9curit\u00e9 de tous les membres de ses cha\u00eenes d&#8217;approvisionnement et insiste pour que ses partenaires adh\u00e8rent \u00e0 quatre domaines cl\u00e9s de conduite sociale ;<\/p>\t\t\t\t\t\t\t\t<\/div>\n\t\t\t\t<\/div>\n\t\t\t\t<div class=\"elementor-element elementor-element-166a13d7 elementor-icon-list--layout-traditional elementor-list-item-link-full_width elementor-widget elementor-widget-icon-list\" data-id=\"166a13d7\" data-element_type=\"widget\" data-e-type=\"widget\" data-widget_type=\"icon-list.default\">\n\t\t\t\t<div class=\"elementor-widget-container\">\n\t\t\t\t\t\t\t<ul class=\"elementor-icon-list-items\">\n\t\t\t\t\t\t\t<li class=\"elementor-icon-list-item\">\n\t\t\t\t\t\t\t\t\t\t\t<span class=\"elementor-icon-list-icon\">\n\t\t\t\t\t\t\t<i aria-hidden=\"true\" class=\"fas fa-check\"><\/i>\t\t\t\t\t\t<\/span>\n\t\t\t\t\t\t\t\t\t\t<span class=\"elementor-icon-list-text\">Tol\u00e9rance z\u00e9ro pour le travail des enfants et le travail forc\u00e9<\/span>\n\t\t\t\t\t\t\t\t\t<\/li>\n\t\t\t\t\t\t\t\t<li class=\"elementor-icon-list-item\">\n\t\t\t\t\t\t\t\t\t\t\t<span class=\"elementor-icon-list-icon\">\n\t\t\t\t\t\t\t<i aria-hidden=\"true\" class=\"fas fa-info-circle\"><\/i>\t\t\t\t\t\t<\/span>\n\t\t\t\t\t\t\t\t\t\t<span class=\"elementor-icon-list-text\"><a href=\"https:\/\/cdnweb.danby.com\/wp-content\/uploads\/2024\/05\/16123117\/Danby-Appliances-Co.-Forced-Labour-Law-Compliance-Report-Year-Ending-Dec.-31-2023-Signed-March-31-2024-1.pdf\" target=\"_blank\" style=\"color:black\">En savoir plus sur la position de Danby concernant le travail des enfants et le travail forc\u00e9.<span style=\"color:#2176BD\">&nbsp;Lisez notre politique compl\u00e8te ici<\/span><\/a><\/span>\n\t\t\t\t\t\t\t\t\t<\/li>\n\t\t\t\t\t\t\t\t<li class=\"elementor-icon-list-item\">\n\t\t\t\t\t\t\t\t\t\t\t<span class=\"elementor-icon-list-icon\">\n\t\t\t\t\t\t\t<i aria-hidden=\"true\" class=\"fas fa-check\"><\/i>\t\t\t\t\t\t<\/span>\n\t\t\t\t\t\t\t\t\t\t<span class=\"elementor-icon-list-text\">Appliquer des mesures strictes de sant\u00e9 et de s\u00e9curit\u00e9<\/span>\n\t\t\t\t\t\t\t\t\t<\/li>\n\t\t\t\t\t\t\t\t<li class=\"elementor-icon-list-item\">\n\t\t\t\t\t\t\t\t\t\t\t<span class=\"elementor-icon-list-icon\">\n\t\t\t\t\t\t\t<i aria-hidden=\"true\" class=\"fas fa-check\"><\/i>\t\t\t\t\t\t<\/span>\n\t\t\t\t\t\t\t\t\t\t<span class=\"elementor-icon-list-text\">Fournir une r\u00e9mun\u00e9ration juste et \u00e9quitable<\/span>\n\t\t\t\t\t\t\t\t\t<\/li>\n\t\t\t\t\t\t\t\t<li class=\"elementor-icon-list-item\">\n\t\t\t\t\t\t\t\t\t\t\t<span class=\"elementor-icon-list-icon\">\n\t\t\t\t\t\t\t<i aria-hidden=\"true\" class=\"fas fa-check\"><\/i>\t\t\t\t\t\t<\/span>\n\t\t\t\t\t\t\t\t\t\t<span class=\"elementor-icon-list-text\">Respecter des r\u00e9glementations environnementales strictes<\/span>\n\t\t\t\t\t\t\t\t\t<\/li>\n\t\t\t\t\t\t<\/ul>\n\t\t\t\t\t\t<\/div>\n\t\t\t\t<\/div>\n\t\t\t\t\t<\/div>\n\t\t<\/div>\n\t\t\t\t\t<\/div>\n\t\t<\/section>\n\t\t\t\t<section class=\"elementor-section elementor-top-section elementor-element elementor-element-60e63344 elementor-section-boxed elementor-section-height-default elementor-section-height-default\" data-id=\"60e63344\" data-element_type=\"section\" data-e-type=\"section\">\n\t\t\t\t\t\t<div class=\"elementor-container elementor-column-gap-no\">\n\t\t\t\t\t<div class=\"elementor-column elementor-col-50 elementor-top-column elementor-element elementor-element-1ab6114a\" data-id=\"1ab6114a\" data-element_type=\"column\" data-e-type=\"column\">\n\t\t\t<div class=\"elementor-widget-wrap elementor-element-populated\">\n\t\t\t\t\t\t<div class=\"elementor-element elementor-element-106dff23 elementor-widget elementor-widget-image\" data-id=\"106dff23\" data-element_type=\"widget\" data-e-type=\"widget\" data-widget_type=\"image.default\">\n\t\t\t\t<div class=\"elementor-widget-container\">\n\t\t\t\t\t\t\t\t\t\t\t\t\t\t\t<img fetchpriority=\"high\" decoding=\"async\" width=\"620\" height=\"450\" src=\"https:\/\/cdnweb.danby.com\/wp-content\/uploads\/sites\/2\/2021\/10\/02071944\/corporate-img1-1.jpg\" class=\"attachment-large size-large wp-image-174\" alt=\"\" \/>\t\t\t\t\t\t\t\t\t\t\t\t\t\t\t<\/div>\n\t\t\t\t<\/div>\n\t\t\t\t\t<\/div>\n\t\t<\/div>\n\t\t\t\t<div class=\"elementor-column elementor-col-50 elementor-top-column elementor-element elementor-element-3117b38f\" data-id=\"3117b38f\" data-element_type=\"column\" data-e-type=\"column\">\n\t\t\t<div class=\"elementor-widget-wrap elementor-element-populated\">\n\t\t\t\t\t\t<div class=\"elementor-element elementor-element-4a5534bd elementor-widget elementor-widget-heading\" data-id=\"4a5534bd\" data-element_type=\"widget\" data-e-type=\"widget\" data-widget_type=\"heading.default\">\n\t\t\t\t<div class=\"elementor-widget-container\">\n\t\t\t\t\t<h2 class=\"elementor-heading-title elementor-size-default\">Diversit\u00e9 et inclusion<\/h2>\t\t\t\t<\/div>\n\t\t\t\t<\/div>\n\t\t\t\t<div class=\"elementor-element elementor-element-548c7eb2 elementor-widget elementor-widget-text-editor\" data-id=\"548c7eb2\" data-element_type=\"widget\" data-e-type=\"widget\" data-widget_type=\"text-editor.default\">\n\t\t\t\t<div class=\"elementor-widget-container\">\n\t\t\t\t\t\t\t\t\t<p>Nous reconnaissons que la diversit\u00e9, l&#8217;inclusion et l&#8217;\u00e9quit\u00e9 font de nous une entreprise plus forte et plus prosp\u00e8re. Nous savons que nous devons faire mieux et reconnaissons qu&#8217;il reste encore beaucoup de travail \u00e0 faire pour \u00e9liminer les obstacles dans notre fili\u00e8re de leadership. Mais nous sommes et avons toujours \u00e9t\u00e9 un employeur offrant l&#8217;\u00e9galit\u00e9 des chances, nous offrons un salaire \u00e9gal pour un travail \u00e9gal et nous croyons que le recrutement et la promotion d&#8217;une main-d&#8217;\u0153uvre diversifi\u00e9e et inclusive est toujours la bonne chose \u00e0 faire.<\/p>\t\t\t\t\t\t\t\t<\/div>\n\t\t\t\t<\/div>\n\t\t\t\t\t<\/div>\n\t\t<\/div>\n\t\t\t\t\t<\/div>\n\t\t<\/section>\n\t\t\t\t<section class=\"elementor-section elementor-top-section elementor-element elementor-element-2e9716d4 elementor-reverse-mobile elementor-section-boxed elementor-section-height-default elementor-section-height-default\" data-id=\"2e9716d4\" data-element_type=\"section\" data-e-type=\"section\">\n\t\t\t\t\t\t<div class=\"elementor-container elementor-column-gap-no\">\n\t\t\t\t\t<div class=\"elementor-column elementor-col-50 elementor-top-column elementor-element elementor-element-4e3796a6\" data-id=\"4e3796a6\" data-element_type=\"column\" data-e-type=\"column\">\n\t\t\t<div class=\"elementor-widget-wrap elementor-element-populated\">\n\t\t\t\t\t\t<div class=\"elementor-element elementor-element-4787aab3 elementor-widget elementor-widget-heading\" data-id=\"4787aab3\" data-element_type=\"widget\" data-e-type=\"widget\" data-widget_type=\"heading.default\">\n\t\t\t\t<div class=\"elementor-widget-container\">\n\t\t\t\t\t<h2 class=\"elementor-heading-title elementor-size-default\">Dons de charit\u00e9<\/h2>\t\t\t\t<\/div>\n\t\t\t\t<\/div>\n\t\t\t\t<div class=\"elementor-element elementor-element-15b77259 elementor-widget elementor-widget-text-editor\" data-id=\"15b77259\" data-element_type=\"widget\" data-e-type=\"widget\" data-widget_type=\"text-editor.default\">\n\t\t\t\t<div class=\"elementor-widget-container\">\n\t\t\t\t\t\t\t\t\t<p>\u00catre un leader dans notre communaut\u00e9 et aider ceux qui ont moins de chance que nous est \u00e0 la base de tout ce que nous faisons chez Danby. Cela d\u00e9coule de notre PDG, Jim Estill, qui est incroyablement actif sur le plan caritatif et qui pr\u00eache l&#8217;id\u00e9e simple de toujours &#8220;faire la bonne chose&#8221;. Jim s&#8217;est fait conna\u00eetre lors de la crise des r\u00e9fugi\u00e9s syriens, recevant l&#8217;Ordre du Canada pour son travail, et il continue \u00e0 \u00eatre un membre actif de toute initiative ou fondation caritative qui a besoin d&#8217;un coup de main.<\/p>\t\t\t\t\t\t\t\t<\/div>\n\t\t\t\t<\/div>\n\t\t\t\t\t<\/div>\n\t\t<\/div>\n\t\t\t\t<div class=\"elementor-column elementor-col-50 elementor-top-column elementor-element elementor-element-63f603fc\" data-id=\"63f603fc\" data-element_type=\"column\" data-e-type=\"column\">\n\t\t\t<div class=\"elementor-widget-wrap elementor-element-populated\">\n\t\t\t\t\t\t<div class=\"elementor-element elementor-element-4c433dd4 elementor-widget elementor-widget-image\" data-id=\"4c433dd4\" data-element_type=\"widget\" data-e-type=\"widget\" data-widget_type=\"image.default\">\n\t\t\t\t<div class=\"elementor-widget-container\">\n\t\t\t\t\t\t\t\t\t\t\t\t\t\t\t<img decoding=\"async\" width=\"620\" height=\"450\" src=\"https:\/\/cdnweb.danby.com\/wp-content\/uploads\/sites\/2\/2021\/10\/02071946\/corporate-img2.jpg\" class=\"attachment-large size-large wp-image-175\" alt=\"\" \/>\t\t\t\t\t\t\t\t\t\t\t\t\t\t\t<\/div>\n\t\t\t\t<\/div>\n\t\t\t\t\t<\/div>\n\t\t<\/div>\n\t\t\t\t\t<\/div>\n\t\t<\/section>\n\t\t\t\t<section class=\"elementor-section elementor-top-section elementor-element elementor-element-a904391 elementor-section-boxed elementor-section-height-default elementor-section-height-default\" data-id=\"a904391\" data-element_type=\"section\" data-e-type=\"section\">\n\t\t\t\t\t\t<div class=\"elementor-container elementor-column-gap-default\">\n\t\t\t\t\t<div class=\"elementor-column elementor-col-50 elementor-top-column elementor-element elementor-element-7dc1152f\" data-id=\"7dc1152f\" data-element_type=\"column\" data-e-type=\"column\">\n\t\t\t<div class=\"elementor-widget-wrap elementor-element-populated\">\n\t\t\t\t\t\t<div class=\"elementor-element elementor-element-2f6f5c0b elementor-widget elementor-widget-heading\" data-id=\"2f6f5c0b\" data-element_type=\"widget\" data-e-type=\"widget\" data-widget_type=\"heading.default\">\n\t\t\t\t<div class=\"elementor-widget-container\">\n\t\t\t\t\t<h2 class=\"elementor-heading-title elementor-size-default\">Marche virtuelle de la nuit la plus froide de l'ann\u00e9e pour la Maison HOPE de Guelph<\/h2>\t\t\t\t<\/div>\n\t\t\t\t<\/div>\n\t\t\t\t<div class=\"elementor-element elementor-element-32c47d3a elementor-widget elementor-widget-text-editor\" data-id=\"32c47d3a\" data-element_type=\"widget\" data-e-type=\"widget\" data-widget_type=\"text-editor.default\">\n\t\t\t\t<div class=\"elementor-widget-container\">\n\t\t\t\t\t\t\t\t\t<p>Le 20 f\u00e9vrier 2021 marque le dixi\u00e8me anniversaire de la marche de la Nuit la plus froide de l&#8217;ann\u00e9e (CNOY). Depuis 2011, la CNOY a permis de recueillir plus de 30 millions de dollars pour les personnes sans abri dans 149 communaut\u00e9s au Canada. Cette ann\u00e9e, Danby a particip\u00e9 \u00e0 la marche virtuelle en soutien \u00e0 HOPE House Guelph.<\/p>\t\t\t\t\t\t\t\t<\/div>\n\t\t\t\t<\/div>\n\t\t\t\t<div class=\"elementor-element elementor-element-32e02118 elementor-widget elementor-widget-button\" data-id=\"32e02118\" data-element_type=\"widget\" data-e-type=\"widget\" data-widget_type=\"button.default\">\n\t\t\t\t<div class=\"elementor-widget-container\">\n\t\t\t\t\t\t\t\t\t<div class=\"elementor-button-wrapper\">\n\t\t\t\t\t<a class=\"elementor-button elementor-button-link elementor-size-sm\" href=\"https:\/\/www.danby.com\/pressroom\/danby-sponsors-the-coldest-night-of-the-year-virtual-walk\/\" aria-label=\"Cliquez ici pour Marche virtuelle de la nuit la plus froide de l&#039;ann\u00e9e pour la Maison HOPE de Guelph article complet\">\n\t\t\t\t\t\t<span class=\"elementor-button-content-wrapper\">\n\t\t\t\t\t\t\t\t\t<span class=\"elementor-button-text\">Cliquez ici pour l'article complet<\/span>\n\t\t\t\t\t<\/span>\n\t\t\t\t\t<\/a>\n\t\t\t\t<\/div>\n\t\t\t\t\t\t\t\t<\/div>\n\t\t\t\t<\/div>\n\t\t\t\t\t<\/div>\n\t\t<\/div>\n\t\t\t\t<div class=\"elementor-column elementor-col-50 elementor-top-column elementor-element elementor-element-3aeb5d1e\" data-id=\"3aeb5d1e\" data-element_type=\"column\" data-e-type=\"column\">\n\t\t\t<div class=\"elementor-widget-wrap elementor-element-populated\">\n\t\t\t\t\t\t<div class=\"elementor-element elementor-element-5f4d25eb elementor-widget elementor-widget-heading\" data-id=\"5f4d25eb\" data-element_type=\"widget\" data-e-type=\"widget\" data-widget_type=\"heading.default\">\n\t\t\t\t<div class=\"elementor-widget-container\">\n\t\t\t\t\t<h2 class=\"elementor-heading-title elementor-size-default\">Aider \u00e0 prot\u00e9ger les enseignants et les \u00e9tudiants pendant le COVID-19<\/h2>\t\t\t\t<\/div>\n\t\t\t\t<\/div>\n\t\t\t\t<div class=\"elementor-element elementor-element-48a95096 elementor-widget elementor-widget-text-editor\" data-id=\"48a95096\" data-element_type=\"widget\" data-e-type=\"widget\" data-widget_type=\"text-editor.default\">\n\t\t\t\t<div class=\"elementor-widget-container\">\n\t\t\t\t\t\t\t\t\t<p>Lorsque l&#8217;\u00e9cole a repris en Ontario, en pleine pand\u00e9mie, le conseil scolaire du district de Toronto a identifi\u00e9 37 \u00e9coles consid\u00e9r\u00e9es comme \u00e9tant dans les quartiers les plus \u00e0 risque pour le COVID-19. Danby a d\u00e9cid\u00e9 de faire la bonne chose et de donner 500 purificateurs d&#8217;air aux \u00e9coles qui en avaient le plus besoin.<\/p>\t\t\t\t\t\t\t\t<\/div>\n\t\t\t\t<\/div>\n\t\t\t\t<div class=\"elementor-element elementor-element-18edd6cb elementor-widget elementor-widget-button\" data-id=\"18edd6cb\" data-element_type=\"widget\" data-e-type=\"widget\" data-widget_type=\"button.default\">\n\t\t\t\t<div class=\"elementor-widget-container\">\n\t\t\t\t\t\t\t\t\t<div class=\"elementor-button-wrapper\">\n\t\t\t\t\t<a class=\"elementor-button elementor-button-link elementor-size-sm\" href=\"https:\/\/www.danby.com\/pressroom\/helping-to-protect-teachers-and-students-in-classrooms-during-covid-19\/\" aria-label=\"Cliquez ici pour Aider \u00e0 prot\u00e9ger les enseignants et les \u00e9tudiants pendant le COVID-19 article complet\">\n\t\t\t\t\t\t<span class=\"elementor-button-content-wrapper\">\n\t\t\t\t\t\t\t\t\t<span class=\"elementor-button-text\">Cliquez ici pour l'article complet<\/span>\n\t\t\t\t\t<\/span>\n\t\t\t\t\t<\/a>\n\t\t\t\t<\/div>\n\t\t\t\t\t\t\t\t<\/div>\n\t\t\t\t<\/div>\n\t\t\t\t\t<\/div>\n\t\t<\/div>\n\t\t\t\t\t<\/div>\n\t\t<\/section>\n\t\t\t\t<section class=\"elementor-section elementor-top-section elementor-element elementor-element-dd7d0a8 elementor-section-boxed elementor-section-height-default elementor-section-height-default\" data-id=\"dd7d0a8\" data-element_type=\"section\" data-e-type=\"section\">\n\t\t\t\t\t\t<div class=\"elementor-container elementor-column-gap-default\">\n\t\t\t\t\t<div class=\"elementor-column elementor-col-50 elementor-top-column elementor-element elementor-element-5c0504a\" data-id=\"5c0504a\" data-element_type=\"column\" data-e-type=\"column\">\n\t\t\t<div class=\"elementor-widget-wrap elementor-element-populated\">\n\t\t\t\t\t\t<div class=\"elementor-element elementor-element-3f932b4 elementor-widget elementor-widget-heading\" data-id=\"3f932b4\" data-element_type=\"widget\" data-e-type=\"widget\" data-widget_type=\"heading.default\">\n\t\t\t\t<div class=\"elementor-widget-container\">\n\t\t\t\t\t<h2 class=\"elementor-heading-title elementor-size-default\">Responsabilit\u00e9 sociale et \u00e9thique de Danby<\/h2>\t\t\t\t<\/div>\n\t\t\t\t<\/div>\n\t\t\t\t<div class=\"elementor-element elementor-element-096f513 elementor-widget elementor-widget-text-editor\" data-id=\"096f513\" data-element_type=\"widget\" data-e-type=\"widget\" data-widget_type=\"text-editor.default\">\n\t\t\t\t<div class=\"elementor-widget-container\">\n\t\t\t\t\t\t\t\t\t<p>En r\u00e9ponse aux articles de presse actuels concernant les entreprises qui fabriquent en Chine, soyez assur\u00e9s que Danby continuera \u00e0 fabriquer ses produits en respectant les plus hauts niveaux d&#8217;\u00e9thique et de responsabilit\u00e9 sociale. Les droits de l&#8217;homme sont d&#8217;une importance capitale et font partie int\u00e9grante de la responsabilit\u00e9 sociale de Danby.<\/p>\t\t\t\t\t\t\t\t<\/div>\n\t\t\t\t<\/div>\n\t\t\t\t<div class=\"elementor-element elementor-element-ed4f785 elementor-widget elementor-widget-button\" data-id=\"ed4f785\" data-element_type=\"widget\" data-e-type=\"widget\" data-widget_type=\"button.default\">\n\t\t\t\t<div class=\"elementor-widget-container\">\n\t\t\t\t\t\t\t\t\t<div class=\"elementor-button-wrapper\">\n\t\t\t\t\t<a class=\"elementor-button elementor-button-link elementor-size-sm\" href=\"https:\/\/www.danby.com\/pressroom\/danby-social-responsibility-and-ethics\/\" aria-label=\"Cliquez ici pour Responsabilit\u00e9 sociale et \u00e9thique de Danby article complet\">\n\t\t\t\t\t\t<span class=\"elementor-button-content-wrapper\">\n\t\t\t\t\t\t\t\t\t<span class=\"elementor-button-text\">Cliquez ici pour l'article complet<\/span>\n\t\t\t\t\t<\/span>\n\t\t\t\t\t<\/a>\n\t\t\t\t<\/div>\n\t\t\t\t\t\t\t\t<\/div>\n\t\t\t\t<\/div>\n\t\t\t\t\t<\/div>\n\t\t<\/div>\n\t\t\t\t<div class=\"elementor-column elementor-col-50 elementor-top-column elementor-element elementor-element-43c887d\" data-id=\"43c887d\" data-element_type=\"column\" data-e-type=\"column\">\n\t\t\t<div class=\"elementor-widget-wrap elementor-element-populated\">\n\t\t\t\t\t\t<div class=\"elementor-element elementor-element-9f4d37c elementor-widget elementor-widget-heading\" data-id=\"9f4d37c\" data-element_type=\"widget\" data-e-type=\"widget\" data-widget_type=\"heading.default\">\n\t\t\t\t<div class=\"elementor-widget-container\">\n\t\t\t\t\t<h2 class=\"elementor-heading-title elementor-size-default\">Danby fait un don de 50 000 dollars apr\u00e8s un tremblement de terre meurtrier<\/h2>\t\t\t\t<\/div>\n\t\t\t\t<\/div>\n\t\t\t\t<div class=\"elementor-element elementor-element-315ec32 elementor-widget elementor-widget-text-editor\" data-id=\"315ec32\" data-element_type=\"widget\" data-e-type=\"widget\" data-widget_type=\"text-editor.default\">\n\t\t\t\t<div class=\"elementor-widget-container\">\n\t\t\t\t\t\t\t\t\t<p>&#8220;La d\u00e9vastation caus\u00e9e par le r\u00e9cent tremblement de terre en Ha\u00efti est d\u00e9chirante. Ce pays a besoin de toute l&#8217;aide qu&#8217;il peut recevoir en ce moment et Danby est heureux de faire des dons \u00e0 quelques organisations s\u00e9lectionn\u00e9es qui, selon nous, peuvent avoir l&#8217;impact le plus imm\u00e9diat&#8221;, a d\u00e9clar\u00e9 Jim Estill, pr\u00e9sident et directeur g\u00e9n\u00e9ral de Danby.<\/p>\t\t\t\t\t\t\t\t<\/div>\n\t\t\t\t<\/div>\n\t\t\t\t<div class=\"elementor-element elementor-element-c7a66df elementor-widget elementor-widget-button\" data-id=\"c7a66df\" data-element_type=\"widget\" data-e-type=\"widget\" data-widget_type=\"button.default\">\n\t\t\t\t<div class=\"elementor-widget-container\">\n\t\t\t\t\t\t\t\t\t<div class=\"elementor-button-wrapper\">\n\t\t\t\t\t<a class=\"elementor-button elementor-button-link elementor-size-sm\" href=\"https:\/\/www.danby.com\/pressroom\/danby-donates-50000-to-haiti-relief-organizations-after-deadly-7-2-magnitude-earthquake\/\" aria-label=\"Cliquez ici pour Danby fait un don de 50 000 dollars apr\u00e8s un tremblement de terre meurtrier article complet\">\n\t\t\t\t\t\t<span class=\"elementor-button-content-wrapper\">\n\t\t\t\t\t\t\t\t\t<span class=\"elementor-button-text\">Cliquez ici pour l'article complet<\/span>\n\t\t\t\t\t<\/span>\n\t\t\t\t\t<\/a>\n\t\t\t\t<\/div>\n\t\t\t\t\t\t\t\t<\/div>\n\t\t\t\t<\/div>\n\t\t\t\t\t<\/div>\n\t\t<\/div>\n\t\t\t\t\t<\/div>\n\t\t<\/section>\n\t\t\t\t<section class=\"elementor-section elementor-top-section elementor-element elementor-element-722bc540 elementor-section-boxed elementor-section-height-default elementor-section-height-default\" data-id=\"722bc540\" data-element_type=\"section\" data-e-type=\"section\">\n\t\t\t\t\t\t<div class=\"elementor-container elementor-column-gap-default\">\n\t\t\t\t\t<div class=\"elementor-column elementor-col-50 elementor-top-column elementor-element elementor-element-3d3de7a7\" data-id=\"3d3de7a7\" data-element_type=\"column\" data-e-type=\"column\">\n\t\t\t<div class=\"elementor-widget-wrap elementor-element-populated\">\n\t\t\t\t\t\t<div class=\"elementor-element elementor-element-5af40362 elementor-widget elementor-widget-heading\" data-id=\"5af40362\" data-element_type=\"widget\" data-e-type=\"widget\" data-widget_type=\"heading.default\">\n\t\t\t\t<div class=\"elementor-widget-container\">\n\t\t\t\t\t<h2 class=\"elementor-heading-title elementor-size-default\">Soutenir la Soci\u00e9t\u00e9 protectrice des animaux de Guelph dans ses nouveaux locaux.<\/h2>\t\t\t\t<\/div>\n\t\t\t\t<\/div>\n\t\t\t\t<div class=\"elementor-element elementor-element-637815da elementor-widget elementor-widget-text-editor\" data-id=\"637815da\" data-element_type=\"widget\" data-e-type=\"widget\" data-widget_type=\"text-editor.default\">\n\t\t\t\t<div class=\"elementor-widget-container\">\n\t\t\t\t\t\t\t\t\t<p>La Guelph Humane Society a un nouveau domicile, alors nous avons voulu l&#8217;aider \u00e0 faire la transition ! Danby a fait don de fours \u00e0 micro-ondes et de r\u00e9frig\u00e9rateurs en acier inoxydable pour la cuisine et les salles de repas, de r\u00e9frig\u00e9rateurs de bar blancs pour les salles de traitement et les salles pour animaux sauvages, ainsi que d&#8217;un lave-vaisselle et de r\u00e9frig\u00e9rateurs de bar pour la salle communautaire.<\/p>\t\t\t\t\t\t\t\t<\/div>\n\t\t\t\t<\/div>\n\t\t\t\t<div class=\"elementor-element elementor-element-73332d5f elementor-widget elementor-widget-button\" data-id=\"73332d5f\" data-element_type=\"widget\" data-e-type=\"widget\" data-widget_type=\"button.default\">\n\t\t\t\t<div class=\"elementor-widget-container\">\n\t\t\t\t\t\t\t\t\t<div class=\"elementor-button-wrapper\">\n\t\t\t\t\t<a class=\"elementor-button elementor-button-link elementor-size-sm\" href=\"https:\/\/guelphhumane.ca\/?fbclid=IwAR05IRa7Vs0UxjNBXeE1CBIrGP9_tIJ4BdJcFwn2qVISMEGKgAiDUWuccdM\" target=\"_blank\" aria-label=\"Cliquez ici pour Soutenir la Soci\u00e9t\u00e9 protectrice des animaux de Guelph dans ses nouveaux locaux article complet\">\n\t\t\t\t\t\t<span class=\"elementor-button-content-wrapper\">\n\t\t\t\t\t\t\t\t\t<span class=\"elementor-button-text\">Cliquez ici pour l'article complet<\/span>\n\t\t\t\t\t<\/span>\n\t\t\t\t\t<\/a>\n\t\t\t\t<\/div>\n\t\t\t\t\t\t\t\t<\/div>\n\t\t\t\t<\/div>\n\t\t\t\t\t<\/div>\n\t\t<\/div>\n\t\t\t\t<div class=\"elementor-column elementor-col-50 elementor-top-column elementor-element elementor-element-1fd9b8b7\" data-id=\"1fd9b8b7\" data-element_type=\"column\" data-e-type=\"column\">\n\t\t\t<div class=\"elementor-widget-wrap elementor-element-populated\">\n\t\t\t\t\t\t<div class=\"elementor-element elementor-element-508c455f elementor-widget elementor-widget-heading\" data-id=\"508c455f\" data-element_type=\"widget\" data-e-type=\"widget\" data-widget_type=\"heading.default\">\n\t\t\t\t<div class=\"elementor-widget-container\">\n\t\t\t\t\t<h2 class=\"elementor-heading-title elementor-size-default\">Prime de remerciement de 1 000 $ pour le personnel de premi\u00e8re ligne de Danby<\/h2>\t\t\t\t<\/div>\n\t\t\t\t<\/div>\n\t\t\t\t<div class=\"elementor-element elementor-element-3a3d4cf3 elementor-widget elementor-widget-text-editor\" data-id=\"3a3d4cf3\" data-element_type=\"widget\" data-e-type=\"widget\" data-widget_type=\"text-editor.default\">\n\t\t\t\t<div class=\"elementor-widget-container\">\n\t\t\t\t\t\t\t\t\t<p>En mars 2020, une grande partie de l&#8217;Am\u00e9rique du Nord a \u00e9mis des ordres de confinement en raison de la pand\u00e9mie de COVID-19. Depuis lors, Danby a offert \u00e0 nos travailleurs de premi\u00e8re ligne des &#8220;primes de remerciement&#8221; pour nous aider \u00e0 maintenir les op\u00e9rations. Pour en savoir plus, cliquez sur le lien ci-dessous.<\/p>\t\t\t\t\t\t\t\t<\/div>\n\t\t\t\t<\/div>\n\t\t\t\t<div class=\"elementor-element elementor-element-169f3150 elementor-widget elementor-widget-button\" data-id=\"169f3150\" data-element_type=\"widget\" data-e-type=\"widget\" data-widget_type=\"button.default\">\n\t\t\t\t<div class=\"elementor-widget-container\">\n\t\t\t\t\t\t\t\t\t<div class=\"elementor-button-wrapper\">\n\t\t\t\t\t<a class=\"elementor-button elementor-button-link elementor-size-sm\" href=\"https:\/\/www.danby.com\/pressroom\/1000-thank-you-bonus-for-frontline-danby-staff-continues\/\" aria-label=\"Cliquez ici pour Prime de remerciement de 1 000 $ pour le personnel de premi\u00e8re ligne de Danby article complet\">\n\t\t\t\t\t\t<span class=\"elementor-button-content-wrapper\">\n\t\t\t\t\t\t\t\t\t<span class=\"elementor-button-text\">Cliquez ici pour l'article complet<\/span>\n\t\t\t\t\t<\/span>\n\t\t\t\t\t<\/a>\n\t\t\t\t<\/div>\n\t\t\t\t\t\t\t\t<\/div>\n\t\t\t\t<\/div>\n\t\t\t\t\t<\/div>\n\t\t<\/div>\n\t\t\t\t\t<\/div>\n\t\t<\/section>\n\t\t\t\t<section class=\"elementor-section elementor-top-section elementor-element elementor-element-5f8d4cdb elementor-section-boxed elementor-section-height-default elementor-section-height-default\" data-id=\"5f8d4cdb\" data-element_type=\"section\" data-e-type=\"section\">\n\t\t\t\t\t\t<div class=\"elementor-container elementor-column-gap-default\">\n\t\t\t\t\t<div class=\"elementor-column elementor-col-50 elementor-top-column elementor-element elementor-element-27a8fe64\" data-id=\"27a8fe64\" data-element_type=\"column\" data-e-type=\"column\">\n\t\t\t<div class=\"elementor-widget-wrap elementor-element-populated\">\n\t\t\t\t\t\t<div class=\"elementor-element elementor-element-4dc94610 elementor-widget elementor-widget-heading\" data-id=\"4dc94610\" data-element_type=\"widget\" data-e-type=\"widget\" data-widget_type=\"heading.default\">\n\t\t\t\t<div class=\"elementor-widget-container\">\n\t\t\t\t\t<h2 class=\"elementor-heading-title elementor-size-default\">Parrainage de r\u00e9fugi\u00e9s<\/h2>\t\t\t\t<\/div>\n\t\t\t\t<\/div>\n\t\t\t\t<div class=\"elementor-element elementor-element-10e8de88 elementor-widget elementor-widget-text-editor\" data-id=\"10e8de88\" data-element_type=\"widget\" data-e-type=\"widget\" data-widget_type=\"text-editor.default\">\n\t\t\t\t<div class=\"elementor-widget-container\">\n\t\t\t\t\t\t\t\t\t<p>Jim Estill, propri\u00e9taire et PDG de Danby, a parrain\u00e9 \u00e0 titre priv\u00e9 58 familles de r\u00e9fugi\u00e9s qui se sont r\u00e9install\u00e9es dans sa ville natale de Guelph, en Ontario, pendant la crise des r\u00e9fugi\u00e9s syriens. Jim a re\u00e7u l&#8217;Ordre du Canada pour son travail durant cette crise. Vous pouvez en savoir plus en cliquant sur le lien ci-dessous ou en recherchant Jim Estill sur Google.<\/p>\t\t\t\t\t\t\t\t<\/div>\n\t\t\t\t<\/div>\n\t\t\t\t<div class=\"elementor-element elementor-element-2bbd8bdb elementor-widget elementor-widget-button\" data-id=\"2bbd8bdb\" data-element_type=\"widget\" data-e-type=\"widget\" data-widget_type=\"button.default\">\n\t\t\t\t<div class=\"elementor-widget-container\">\n\t\t\t\t\t\t\t\t\t<div class=\"elementor-button-wrapper\">\n\t\t\t\t\t<a class=\"elementor-button elementor-button-link elementor-size-sm\" href=\"https:\/\/torontolife.com\/life\/jim-estill-the-man-who-saved-200-syrian-refugees\/\" target=\"_blank\" aria-label=\"Cliquez ici pour Parrainage de r\u00e9fugi\u00e9s article complet\">\n\t\t\t\t\t\t<span class=\"elementor-button-content-wrapper\">\n\t\t\t\t\t\t\t\t\t<span class=\"elementor-button-text\">Cliquez ici pour l'article complet<\/span>\n\t\t\t\t\t<\/span>\n\t\t\t\t\t<\/a>\n\t\t\t\t<\/div>\n\t\t\t\t\t\t\t\t<\/div>\n\t\t\t\t<\/div>\n\t\t\t\t\t<\/div>\n\t\t<\/div>\n\t\t\t\t<div class=\"elementor-column elementor-col-50 elementor-top-column elementor-element elementor-element-4007c7b0\" data-id=\"4007c7b0\" data-element_type=\"column\" data-e-type=\"column\">\n\t\t\t<div class=\"elementor-widget-wrap elementor-element-populated\">\n\t\t\t\t\t\t<div class=\"elementor-element elementor-element-6c05ba14 elementor-widget elementor-widget-heading\" data-id=\"6c05ba14\" data-element_type=\"widget\" data-e-type=\"widget\" data-widget_type=\"heading.default\">\n\t\t\t\t<div class=\"elementor-widget-container\">\n\t\t\t\t\t<h2 class=\"elementor-heading-title elementor-size-default\">Cong\u00e9lateurs pour les vaccins COVID-19<\/h2>\t\t\t\t<\/div>\n\t\t\t\t<\/div>\n\t\t\t\t<div class=\"elementor-element elementor-element-7452f568 elementor-widget elementor-widget-text-editor\" data-id=\"7452f568\" data-element_type=\"widget\" data-e-type=\"widget\" data-widget_type=\"text-editor.default\">\n\t\t\t\t<div class=\"elementor-widget-container\">\n\t\t\t\t\t\t\t\t\t<p>Danby produisant plus de 500 000 cong\u00e9lateurs par an, nous savions que nous pouvions r\u00e9pondre au besoin de cong\u00e9lateurs m\u00e9dicaux lorsque les vaccins COVID-19 ont \u00e9t\u00e9 mis sur le march\u00e9. Danby a l&#8217;exp\u00e9rience de la fabrication de r\u00e9frig\u00e9rateurs m\u00e9dicaux avec la gamme Danby Health, un r\u00e9frig\u00e9rateur de qualit\u00e9 m\u00e9dicale \u00e9quip\u00e9 pour stocker des produits sensibles \u00e0 la temp\u00e9rature.<\/p>\t\t\t\t\t\t\t\t<\/div>\n\t\t\t\t<\/div>\n\t\t\t\t<div class=\"elementor-element elementor-element-29fe42f1 elementor-widget elementor-widget-button\" data-id=\"29fe42f1\" data-element_type=\"widget\" data-e-type=\"widget\" data-widget_type=\"button.default\">\n\t\t\t\t<div class=\"elementor-widget-container\">\n\t\t\t\t\t\t\t\t\t<div class=\"elementor-button-wrapper\">\n\t\t\t\t\t<a class=\"elementor-button elementor-button-link elementor-size-sm\" href=\"https:\/\/www.danby.com\/pressroom\/preparing-freezers-for-covid-19-vaccine\/\" aria-label=\"Cliquez ici pour Cong\u00e9lateurs pour les vaccins COVID-19 article complet\">\n\t\t\t\t\t\t<span class=\"elementor-button-content-wrapper\">\n\t\t\t\t\t\t\t\t\t<span class=\"elementor-button-text\">Cliquez ici pour l'article complet<\/span>\n\t\t\t\t\t<\/span>\n\t\t\t\t\t<\/a>\n\t\t\t\t<\/div>\n\t\t\t\t\t\t\t\t<\/div>\n\t\t\t\t<\/div>\n\t\t\t\t\t<\/div>\n\t\t<\/div>\n\t\t\t\t\t<\/div>\n\t\t<\/section>\n\t\t\t\t<section class=\"elementor-section elementor-top-section elementor-element elementor-element-d576e73 elementor-section-boxed elementor-section-height-default elementor-section-height-default\" data-id=\"d576e73\" data-element_type=\"section\" data-e-type=\"section\">\n\t\t\t\t\t\t<div class=\"elementor-container elementor-column-gap-default\">\n\t\t\t\t\t<div class=\"elementor-column elementor-col-50 elementor-top-column elementor-element elementor-element-39a85af5\" data-id=\"39a85af5\" data-element_type=\"column\" data-e-type=\"column\">\n\t\t\t<div class=\"elementor-widget-wrap elementor-element-populated\">\n\t\t\t\t\t\t<div class=\"elementor-element elementor-element-1dfa6b47 elementor-widget elementor-widget-heading\" data-id=\"1dfa6b47\" data-element_type=\"widget\" data-e-type=\"widget\" data-widget_type=\"heading.default\">\n\t\t\t\t<div class=\"elementor-widget-container\">\n\t\t\t\t\t<h2 class=\"elementor-heading-title elementor-size-default\">Donation au refuge pour femmes par l'interm\u00e9diaire de Regal Ideas<\/h2>\t\t\t\t<\/div>\n\t\t\t\t<\/div>\n\t\t\t\t<div class=\"elementor-element elementor-element-1d8723b7 elementor-widget elementor-widget-text-editor\" data-id=\"1d8723b7\" data-element_type=\"widget\" data-e-type=\"widget\" data-widget_type=\"text-editor.default\">\n\t\t\t\t<div class=\"elementor-widget-container\">\n\t\t\t\t\t\t\t\t\t<p>Regal ideas Inc, le premier fabricant mondial de syst\u00e8mes de rampes en aluminium, a fait don de 100 fours \u00e0 micro-ondes de Danby \u00e0 l&#8217;Atira Women&#8217;s Resource Society de Vancouver, en Colombie-Britannique. Pour en savoir plus, consultez le communiqu\u00e9 de presse ci-dessous.<\/p>\t\t\t\t\t\t\t\t<\/div>\n\t\t\t\t<\/div>\n\t\t\t\t<div class=\"elementor-element elementor-element-3c8a6d43 elementor-widget elementor-widget-button\" data-id=\"3c8a6d43\" data-element_type=\"widget\" data-e-type=\"widget\" data-widget_type=\"button.default\">\n\t\t\t\t<div class=\"elementor-widget-container\">\n\t\t\t\t\t\t\t\t\t<div class=\"elementor-button-wrapper\">\n\t\t\t\t\t<a class=\"elementor-button elementor-button-link elementor-size-sm\" href=\"https:\/\/www.prnewswire.com\/news-releases\/regal-ideas-inc-donates-microwaves-to-atira-womens-resource-society-in-support-of-feed-the-fight-301051673.html\" target=\"_blank\" aria-label=\"Cliquez ici pour Donation au refuge pour femmes par l&#039;interm\u00e9diaire de Regal Ideas article complet\">\n\t\t\t\t\t\t<span class=\"elementor-button-content-wrapper\">\n\t\t\t\t\t\t\t\t\t<span class=\"elementor-button-text\">Cliquez ici pour l'article complet<\/span>\n\t\t\t\t\t<\/span>\n\t\t\t\t\t<\/a>\n\t\t\t\t<\/div>\n\t\t\t\t\t\t\t\t<\/div>\n\t\t\t\t<\/div>\n\t\t\t\t\t<\/div>\n\t\t<\/div>\n\t\t\t\t<div class=\"elementor-column elementor-col-50 elementor-top-column elementor-element elementor-element-18e637d2\" data-id=\"18e637d2\" data-element_type=\"column\" data-e-type=\"column\">\n\t\t\t<div class=\"elementor-widget-wrap elementor-element-populated\">\n\t\t\t\t\t\t<div class=\"elementor-element elementor-element-6e683dc2 elementor-widget elementor-widget-heading\" data-id=\"6e683dc2\" data-element_type=\"widget\" data-e-type=\"widget\" data-widget_type=\"heading.default\">\n\t\t\t\t<div class=\"elementor-widget-container\">\n\t\t\t\t\t<h2 class=\"elementor-heading-title elementor-size-default\">Donation aux gardiens de la r\u00e9cr\u00e9ation<\/h2>\t\t\t\t<\/div>\n\t\t\t\t<\/div>\n\t\t\t\t<div class=\"elementor-element elementor-element-17fb73f5 elementor-widget elementor-widget-text-editor\" data-id=\"17fb73f5\" data-element_type=\"widget\" data-e-type=\"widget\" data-widget_type=\"text-editor.default\">\n\t\t\t\t<div class=\"elementor-widget-container\">\n\t\t\t\t\t\t\t\t\t<p>Recess Guardians a aid\u00e9 des centaines de milliers de jeunes \u00e0 prendre confiance en eux en donnant \u00e0 tous les jeunes les moyens d&#8217;\u00eatre des leaders dans leurs \u00e9coles et leurs communaut\u00e9s gr\u00e2ce au jeu et \u00e0 l&#8217;activit\u00e9 physique. Notre don servira \u00e0 financer les ressources et le mat\u00e9riel n\u00e9cessaires \u00e0 l&#8217;organisation d&#8217;activit\u00e9s qui favorisent le jeu en toute s\u00e9curit\u00e9 et l&#8217;int\u00e9gration.<\/p>\t\t\t\t\t\t\t\t<\/div>\n\t\t\t\t<\/div>\n\t\t\t\t<div class=\"elementor-element elementor-element-2d0fcd6 elementor-widget elementor-widget-button\" data-id=\"2d0fcd6\" data-element_type=\"widget\" data-e-type=\"widget\" data-widget_type=\"button.default\">\n\t\t\t\t<div class=\"elementor-widget-container\">\n\t\t\t\t\t\t\t\t\t<div class=\"elementor-button-wrapper\">\n\t\t\t\t\t<a class=\"elementor-button elementor-button-link elementor-size-sm\" href=\"http:\/\/www.prweb.com\/releases\/danby_donates_10_000_to_recess_guardians_to_support_physical_activity_for_youth\/prweb17943650.htm\" target=\"_blank\" aria-label=\"Cliquez ici pour Donation aux gardiens de la r\u00e9cr\u00e9ation article complet\">\n\t\t\t\t\t\t<span class=\"elementor-button-content-wrapper\">\n\t\t\t\t\t\t\t\t\t<span class=\"elementor-button-text\">Cliquez ici pour l'article complet<\/span>\n\t\t\t\t\t<\/span>\n\t\t\t\t\t<\/a>\n\t\t\t\t<\/div>\n\t\t\t\t\t\t\t\t<\/div>\n\t\t\t\t<\/div>\n\t\t\t\t\t<\/div>\n\t\t<\/div>\n\t\t\t\t\t<\/div>\n\t\t<\/section>\n\t\t\t\t<section class=\"elementor-section elementor-top-section elementor-element elementor-element-2295639e elementor-section-boxed elementor-section-height-default elementor-section-height-default\" data-id=\"2295639e\" data-element_type=\"section\" data-e-type=\"section\">\n\t\t\t\t\t\t<div class=\"elementor-container elementor-column-gap-default\">\n\t\t\t\t\t<div class=\"elementor-column elementor-col-50 elementor-top-column elementor-element elementor-element-4ccfd00f\" data-id=\"4ccfd00f\" data-element_type=\"column\" data-e-type=\"column\">\n\t\t\t<div class=\"elementor-widget-wrap elementor-element-populated\">\n\t\t\t\t\t\t<div class=\"elementor-element elementor-element-7d946146 elementor-widget elementor-widget-heading\" data-id=\"7d946146\" data-element_type=\"widget\" data-e-type=\"widget\" data-widget_type=\"heading.default\">\n\t\t\t\t<div class=\"elementor-widget-container\">\n\t\t\t\t\t<h2 class=\"elementor-heading-title elementor-size-default\">Responsabilit\u00e9 sociale et \u00e9thique de Danby<\/h2>\t\t\t\t<\/div>\n\t\t\t\t<\/div>\n\t\t\t\t<div class=\"elementor-element elementor-element-1f3aefe4 elementor-widget elementor-widget-text-editor\" data-id=\"1f3aefe4\" data-element_type=\"widget\" data-e-type=\"widget\" data-widget_type=\"text-editor.default\">\n\t\t\t\t<div class=\"elementor-widget-container\">\n\t\t\t\t\t\t\t\t\t<p>En r\u00e9ponse aux articles de presse actuels concernant les entreprises qui fabriquent en Chine, soyez assur\u00e9s que Danby continuera \u00e0 fabriquer ses produits en respectant les plus hauts niveaux d&#8217;\u00e9thique et de responsabilit\u00e9 sociale. Les droits de l&#8217;homme sont d&#8217;une importance capitale et font partie int\u00e9grante de la responsabilit\u00e9 sociale de Danby.<\/p>\t\t\t\t\t\t\t\t<\/div>\n\t\t\t\t<\/div>\n\t\t\t\t<div class=\"elementor-element elementor-element-28e70048 elementor-widget elementor-widget-button\" data-id=\"28e70048\" data-element_type=\"widget\" data-e-type=\"widget\" data-widget_type=\"button.default\">\n\t\t\t\t<div class=\"elementor-widget-container\">\n\t\t\t\t\t\t\t\t\t<div class=\"elementor-button-wrapper\">\n\t\t\t\t\t<a class=\"elementor-button elementor-button-link elementor-size-sm\" href=\"https:\/\/www.danby.com\/pressroom\/danby-social-responsibility-and-ethics\/\" aria-label=\"Cliquez ici pour Responsabilit\u00e9 sociale et \u00e9thique de Danby article complet\">\n\t\t\t\t\t\t<span class=\"elementor-button-content-wrapper\">\n\t\t\t\t\t\t\t\t\t<span class=\"elementor-button-text\">Cliquez ici pour l'article complet<\/span>\n\t\t\t\t\t<\/span>\n\t\t\t\t\t<\/a>\n\t\t\t\t<\/div>\n\t\t\t\t\t\t\t\t<\/div>\n\t\t\t\t<\/div>\n\t\t\t\t\t<\/div>\n\t\t<\/div>\n\t\t\t\t<div class=\"elementor-column elementor-col-50 elementor-top-column elementor-element elementor-element-6a0132b1\" data-id=\"6a0132b1\" data-element_type=\"column\" data-e-type=\"column\">\n\t\t\t<div class=\"elementor-widget-wrap elementor-element-populated\">\n\t\t\t\t\t\t<div class=\"elementor-element elementor-element-490730c1 elementor-widget elementor-widget-heading\" data-id=\"490730c1\" data-element_type=\"widget\" data-e-type=\"widget\" data-widget_type=\"heading.default\">\n\t\t\t\t<div class=\"elementor-widget-container\">\n\t\t\t\t\t<h2 class=\"elementor-heading-title elementor-size-default\">Les 10 jours de don en retour de Danby<\/h2>\t\t\t\t<\/div>\n\t\t\t\t<\/div>\n\t\t\t\t<div class=\"elementor-element elementor-element-242ea57b elementor-widget elementor-widget-text-editor\" data-id=\"242ea57b\" data-element_type=\"widget\" data-e-type=\"widget\" data-widget_type=\"text-editor.default\">\n\t\t\t\t<div class=\"elementor-widget-container\">\n\t\t\t\t\t\t\t\t\t<p>Pendant la p\u00e9riode des f\u00eates de fin d&#8217;ann\u00e9e 2020, nous avons pr\u00eat\u00e9 main forte aux communaut\u00e9s d&#8217;Am\u00e9rique du Nord en faisant don de 10 produits, chaque jour, pendant 10 jours en d\u00e9cembre. Cela repr\u00e9sente un total de 100 appareils \u00e9lectrom\u00e9nagers et autres produits pour les organismes de bienfaisance, les fondations, les refuges, etc. de votre communaut\u00e9, que vous avez d\u00e9sign\u00e9s dans les m\u00e9dias sociaux. Pour en savoir plus sur chaque b\u00e9n\u00e9ficiaire, cliquez sur le lien ci-dessous !<\/p>\t\t\t\t\t\t\t\t<\/div>\n\t\t\t\t<\/div>\n\t\t\t\t<div class=\"elementor-element elementor-element-3a1147d0 elementor-widget elementor-widget-button\" data-id=\"3a1147d0\" data-element_type=\"widget\" data-e-type=\"widget\" data-widget_type=\"button.default\">\n\t\t\t\t<div class=\"elementor-widget-container\">\n\t\t\t\t\t\t\t\t\t<div class=\"elementor-button-wrapper\">\n\t\t\t\t\t<a class=\"elementor-button elementor-button-link elementor-size-sm\" href=\"https:\/\/www.danby.com\/pressroom\/10-days-of-giving-back\/\" aria-label=\"Cliquez ici pour Les 10 jours de don en retour de Danby article complet\">\n\t\t\t\t\t\t<span class=\"elementor-button-content-wrapper\">\n\t\t\t\t\t\t\t\t\t<span class=\"elementor-button-text\">Cliquez ici pour l'article complet<\/span>\n\t\t\t\t\t<\/span>\n\t\t\t\t\t<\/a>\n\t\t\t\t<\/div>\n\t\t\t\t\t\t\t\t<\/div>\n\t\t\t\t<\/div>\n\t\t\t\t\t<\/div>\n\t\t<\/div>\n\t\t\t\t\t<\/div>\n\t\t<\/section>\n\t\t\t\t<\/div>\n\t\t","protected":false},"excerpt":{"rendered":"<p>Responsabilit\u00e9 sociale des entreprises &#8221; Les conditions de travail \u00e9thiques ne sont pas un privil\u00e8ge, mais un droit. Nous nous effor\u00e7ons toujours de faire ce qu&#8217;il faut pour nous assurer que chaque membre de la famille Danby, au Canada, aux \u00c9tats-Unis et \u00e0 l&#8217;\u00e9tranger, est trait\u00e9 avec dignit\u00e9 et respect. Notre code de conduite des [&hellip;]<\/p>\n","protected":false},"author":2,"featured_media":0,"parent":0,"menu_order":0,"comment_status":"closed","ping_status":"closed","template":"elementor_header_footer","meta":{"_acf_changed":false,"footnotes":""},"class_list":["post-172","page","type-page","status-publish","hentry"],"acf":[],"yoast_head":"<!-- This site is optimized with the Yoast SEO plugin v27.5 - https:\/\/yoast.com\/product\/yoast-seo-wordpress\/ -->\n<title>Responsabilit\u00e9 sociale des entreprises | Danby Canada<\/title>\n<meta name=\"robots\" content=\"index, follow, max-snippet:-1, max-image-preview:large, max-video-preview:-1\" \/>\n<link rel=\"canonical\" href=\"https:\/\/www.danby.com\/fr\/responsabilite-sociale-des-entreprises\/\" \/>\n<meta property=\"og:locale\" content=\"fr_CA\" \/>\n<meta property=\"og:type\" content=\"article\" \/>\n<meta property=\"og:title\" content=\"Responsabilit\u00e9 sociale des entreprises | Danby Canada\" \/>\n<meta property=\"og:description\" content=\"Responsabilit\u00e9 sociale des entreprises &#8221; Les conditions de travail \u00e9thiques ne sont pas un privil\u00e8ge, mais un droit. Nous nous effor\u00e7ons toujours de faire ce qu&#8217;il faut pour nous assurer que chaque membre de la famille Danby, au Canada, aux \u00c9tats-Unis et \u00e0 l&#8217;\u00e9tranger, est trait\u00e9 avec dignit\u00e9 et respect. Notre code de conduite des [&hellip;]\" \/>\n<meta property=\"og:url\" content=\"https:\/\/www.danby.com\/fr\/responsabilite-sociale-des-entreprises\/\" \/>\n<meta property=\"og:site_name\" content=\"Danby - Canada - French\" \/>\n<meta property=\"article:publisher\" content=\"https:\/\/www.facebook.com\/DanbyAppliances\" \/>\n<meta property=\"article:modified_time\" content=\"2024-09-23T10:43:44+00:00\" \/>\n<meta property=\"og:image\" content=\"https:\/\/www.danby.com\/fr\/wp-content\/uploads\/sites\/2\/2021\/10\/corporate-img1-1.jpg\" \/>\n<meta name=\"twitter:card\" content=\"summary_large_image\" \/>\n<meta name=\"twitter:site\" content=\"@DanbyAppliance\" \/>\n<meta name=\"twitter:label1\" content=\"Estimation du temps de lecture\" \/>\n\t<meta name=\"twitter:data1\" content=\"7 minutes\" \/>\n<script type=\"application\/ld+json\" class=\"yoast-schema-graph\">{\"@context\":\"https:\\\/\\\/schema.org\",\"@graph\":[{\"@type\":\"WebPage\",\"url\":\"https:\\\/\\\/www.danby.com\\\/fr\\\/responsabilite-sociale-des-entreprises\\\/\",\"name\":\"Responsabilit\u00e9 sociale des entreprises | Danby Canada\",\"isPartOf\":[],\"primaryImageOfPage\":[],\"image\":[],\"thumbnailUrl\":\"https:\\\/\\\/www.danby.com\\\/fr\\\/wp-content\\\/uploads\\\/sites\\\/2\\\/2021\\\/10\\\/corporate-img1-1.jpg\",\"datePublished\":\"2021-10-20T10:50:15+00:00\",\"dateModified\":\"2024-09-23T10:43:44+00:00\",\"breadcrumb\":[],\"inLanguage\":\"fr-CA\",\"potentialAction\":[{\"@type\":\"ReadAction\",\"target\":[\"https:\\\/\\\/www.danby.com\\\/fr\\\/responsabilite-sociale-des-entreprises\\\/\"]}]},{\"@type\":\"ImageObject\",\"inLanguage\":\"fr-CA\",\"url\":\"https:\\\/\\\/cdnweb.danby.com\\\/wp-content\\\/uploads\\\/sites\\\/2\\\/2021\\\/10\\\/02071944\\\/corporate-img1-1.jpg\",\"contentUrl\":\"https:\\\/\\\/cdnweb.danby.com\\\/wp-content\\\/uploads\\\/sites\\\/2\\\/2021\\\/10\\\/02071944\\\/corporate-img1-1.jpg\",\"width\":620,\"height\":450},{\"@type\":\"BreadcrumbList\",\"itemListElement\":[{\"@type\":\"ListItem\",\"position\":1,\"name\":\"Home\",\"item\":\"https:\\\/\\\/www.danby.com\\\/fr\\\/\"},{\"@type\":\"ListItem\",\"position\":2,\"name\":\"Responsabilit\u00e9 sociale des entreprises\"}]},{\"@type\":\"WebSite\",\"url\":\"https:\\\/\\\/www.danby.com\\\/fr\\\/\",\"name\":\"Danby - Canada - French\",\"description\":\"Leader dans le domaine de la r\u00e9frig\u00e9ration et des appareils sp\u00e9cialis\u00e9s\",\"publisher\":[],\"potentialAction\":[{\"@type\":\"SearchAction\",\"target\":{\"@type\":\"EntryPoint\",\"urlTemplate\":\"https:\\\/\\\/www.danby.com\\\/fr\\\/?s={search_term_string}\"},\"query-input\":{\"@type\":\"PropertyValueSpecification\",\"valueRequired\":true,\"valueName\":\"search_term_string\"}}],\"inLanguage\":\"fr-CA\"},{\"@type\":\"Organization\",\"name\":\"Danby Appliances\",\"url\":\"https:\\\/\\\/www.danby.com\\\/fr\\\/\",\"logo\":{\"@type\":\"ImageObject\",\"inLanguage\":\"fr-CA\",\"url\":\"https:\\\/\\\/cdnweb.danby.com\\\/wp-content\\\/uploads\\\/sites\\\/2\\\/2022\\\/02\\\/10141906\\\/Danby75Ans_Blue.png\",\"contentUrl\":\"https:\\\/\\\/cdnweb.danby.com\\\/wp-content\\\/uploads\\\/sites\\\/2\\\/2022\\\/02\\\/10141906\\\/Danby75Ans_Blue.png\",\"width\":470,\"height\":110,\"caption\":\"Danby Appliances\"},\"image\":[],\"sameAs\":[\"https:\\\/\\\/www.facebook.com\\\/DanbyAppliances\",\"https:\\\/\\\/x.com\\\/DanbyAppliance\",\"https:\\\/\\\/instagram.com\\\/danbyappliances\\\/\",\"https:\\\/\\\/www.linkedin.com\\\/company\\\/danbyappliances\",\"https:\\\/\\\/www.pinterest.ca\\\/danbyappliances\\\/\",\"https:\\\/\\\/www.youtube.com\\\/user\\\/DanbyProducts\",\"https:\\\/\\\/en.wikipedia.org\\\/wiki\\\/Danby_(appliances)\"]}]}<\/script>\n<!-- \/ Yoast SEO plugin. -->","yoast_head_json":{"title":"Responsabilit\u00e9 sociale des entreprises | Danby Canada","robots":{"index":"index","follow":"follow","max-snippet":"max-snippet:-1","max-image-preview":"max-image-preview:large","max-video-preview":"max-video-preview:-1"},"canonical":"https:\/\/www.danby.com\/fr\/responsabilite-sociale-des-entreprises\/","og_locale":"fr_CA","og_type":"article","og_title":"Responsabilit\u00e9 sociale des entreprises | Danby Canada","og_description":"Responsabilit\u00e9 sociale des entreprises &#8221; Les conditions de travail \u00e9thiques ne sont pas un privil\u00e8ge, mais un droit. Nous nous effor\u00e7ons toujours de faire ce qu&#8217;il faut pour nous assurer que chaque membre de la famille Danby, au Canada, aux \u00c9tats-Unis et \u00e0 l&#8217;\u00e9tranger, est trait\u00e9 avec dignit\u00e9 et respect. Notre code de conduite des [&hellip;]","og_url":"https:\/\/www.danby.com\/fr\/responsabilite-sociale-des-entreprises\/","og_site_name":"Danby - Canada - French","article_publisher":"https:\/\/www.facebook.com\/DanbyAppliances","article_modified_time":"2024-09-23T10:43:44+00:00","og_image":[{"url":"https:\/\/www.danby.com\/fr\/wp-content\/uploads\/sites\/2\/2021\/10\/corporate-img1-1.jpg","type":"","width":"","height":""}],"twitter_card":"summary_large_image","twitter_site":"@DanbyAppliance","twitter_misc":{"Estimation du temps de lecture":"7 minutes"},"schema":{"@context":"https:\/\/schema.org","@graph":[{"@type":"WebPage","url":"https:\/\/www.danby.com\/fr\/responsabilite-sociale-des-entreprises\/","name":"Responsabilit\u00e9 sociale des entreprises | Danby Canada","isPartOf":[],"primaryImageOfPage":[],"image":[],"thumbnailUrl":"https:\/\/www.danby.com\/fr\/wp-content\/uploads\/sites\/2\/2021\/10\/corporate-img1-1.jpg","datePublished":"2021-10-20T10:50:15+00:00","dateModified":"2024-09-23T10:43:44+00:00","breadcrumb":[],"inLanguage":"fr-CA","potentialAction":[{"@type":"ReadAction","target":["https:\/\/www.danby.com\/fr\/responsabilite-sociale-des-entreprises\/"]}]},{"@type":"ImageObject","inLanguage":"fr-CA","url":"https:\/\/cdnweb.danby.com\/wp-content\/uploads\/sites\/2\/2021\/10\/02071944\/corporate-img1-1.jpg","contentUrl":"https:\/\/cdnweb.danby.com\/wp-content\/uploads\/sites\/2\/2021\/10\/02071944\/corporate-img1-1.jpg","width":620,"height":450},{"@type":"BreadcrumbList","itemListElement":[{"@type":"ListItem","position":1,"name":"Home","item":"https:\/\/www.danby.com\/fr\/"},{"@type":"ListItem","position":2,"name":"Responsabilit\u00e9 sociale des entreprises"}]},{"@type":"WebSite","url":"https:\/\/www.danby.com\/fr\/","name":"Danby - Canada - French","description":"Leader dans le domaine de la r\u00e9frig\u00e9ration et des appareils sp\u00e9cialis\u00e9s","publisher":[],"potentialAction":[{"@type":"SearchAction","target":{"@type":"EntryPoint","urlTemplate":"https:\/\/www.danby.com\/fr\/?s={search_term_string}"},"query-input":{"@type":"PropertyValueSpecification","valueRequired":true,"valueName":"search_term_string"}}],"inLanguage":"fr-CA"},{"@type":"Organization","name":"Danby Appliances","url":"https:\/\/www.danby.com\/fr\/","logo":{"@type":"ImageObject","inLanguage":"fr-CA","url":"https:\/\/cdnweb.danby.com\/wp-content\/uploads\/sites\/2\/2022\/02\/10141906\/Danby75Ans_Blue.png","contentUrl":"https:\/\/cdnweb.danby.com\/wp-content\/uploads\/sites\/2\/2022\/02\/10141906\/Danby75Ans_Blue.png","width":470,"height":110,"caption":"Danby Appliances"},"image":[],"sameAs":["https:\/\/www.facebook.com\/DanbyAppliances","https:\/\/x.com\/DanbyAppliance","https:\/\/instagram.com\/danbyappliances\/","https:\/\/www.linkedin.com\/company\/danbyappliances","https:\/\/www.pinterest.ca\/danbyappliances\/","https:\/\/www.youtube.com\/user\/DanbyProducts","https:\/\/en.wikipedia.org\/wiki\/Danby_(appliances)"]}]}},"post_mailing_queue_ids":[],"_links":{"self":[{"href":"https:\/\/www.danby.com\/fr\/wp-json\/wp\/v2\/pages\/172","targetHints":{"allow":["GET"]}}],"collection":[{"href":"https:\/\/www.danby.com\/fr\/wp-json\/wp\/v2\/pages"}],"about":[{"href":"https:\/\/www.danby.com\/fr\/wp-json\/wp\/v2\/types\/page"}],"author":[{"embeddable":true,"href":"https:\/\/www.danby.com\/fr\/wp-json\/wp\/v2\/users\/2"}],"replies":[{"embeddable":true,"href":"https:\/\/www.danby.com\/fr\/wp-json\/wp\/v2\/comments?post=172"}],"version-history":[{"count":0,"href":"https:\/\/www.danby.com\/fr\/wp-json\/wp\/v2\/pages\/172\/revisions"}],"wp:attachment":[{"href":"https:\/\/www.danby.com\/fr\/wp-json\/wp\/v2\/media?parent=172"}],"curies":[{"name":"wp","href":"https:\/\/api.w.org\/{rel}","templated":true}]}}