{"version":"1.0","provider_name":"Danby - Canada - French","provider_url":"https:\/\/www.danby.com\/fr","author_name":"Khunter","author_url":"https:\/\/www.danby.com\/fr\/author\/khunter\/","title":"Danby 3,2 cu. R\u00e9frig\u00e9rateur compact de 3,5 pi3 en noir - DAR032B1BM | Danby Canada","type":"rich","width":600,"height":338,"html":"<blockquote class=\"wp-embedded-content\" data-secret=\"vQ0KT8uoTR\"><a href=\"https:\/\/www.danby.com\/fr\/products\/refrigeration-compact\/dar032b1bm\/\">Danby 3,2 cu. R\u00e9frig\u00e9rateur compact de 3,5 pi3 en noir<\/a><\/blockquote><iframe sandbox=\"allow-scripts\" security=\"restricted\" src=\"https:\/\/www.danby.com\/fr\/products\/refrigeration-compact\/dar032b1bm\/embed\/#?secret=vQ0KT8uoTR\" width=\"600\" height=\"338\" title=\"&laquo; Danby 3,2 cu. R\u00e9frig\u00e9rateur compact de 3,5 pi3 en noir &raquo; &#8212; Danby - Canada - French\" data-secret=\"vQ0KT8uoTR\" frameborder=\"0\" marginwidth=\"0\" marginheight=\"0\" scrolling=\"no\" class=\"wp-embedded-content\"><\/iframe><script>\n\/*! This file is auto-generated *\/\n!function(d,l){\"use strict\";l.querySelector&&d.addEventListener&&\"undefined\"!=typeof URL&&(d.wp=d.wp||{},d.wp.receiveEmbedMessage||(d.wp.receiveEmbedMessage=function(e){var t=e.data;if((t||t.secret||t.message||t.value)&&!\/[^a-zA-Z0-9]\/.test(t.secret)){for(var s,r,n,a=l.querySelectorAll('iframe[data-secret=\"'+t.secret+'\"]'),o=l.querySelectorAll('blockquote[data-secret=\"'+t.secret+'\"]'),c=new RegExp(\"^https?:$\",\"i\"),i=0;i<o.length;i++)o[i].style.display=\"none\";for(i=0;i<a.length;i++)s=a[i],e.source===s.contentWindow&&(s.removeAttribute(\"style\"),\"height\"===t.message?(1e3<(r=parseInt(t.value,10))?r=1e3:~~r<200&&(r=200),s.height=r):\"link\"===t.message&&(r=new URL(s.getAttribute(\"src\")),n=new URL(t.value),c.test(n.protocol))&&n.host===r.host&&l.activeElement===s&&(d.top.location.href=t.value))}},d.addEventListener(\"message\",d.wp.receiveEmbedMessage,!1),l.addEventListener(\"DOMContentLoaded\",function(){for(var e,t,s=l.querySelectorAll(\"iframe.wp-embedded-content\"),r=0;r<s.length;r++)(t=(e=s[r]).getAttribute(\"data-secret\"))||(t=Math.random().toString(36).substring(2,12),e.src+=\"#?secret=\"+t,e.setAttribute(\"data-secret\",t)),e.contentWindow.postMessage({message:\"ready\",secret:t},\"*\")},!1)))}(window,document);\n\/\/# sourceURL=https:\/\/www.danby.com\/fr\/wp-includes\/js\/wp-embed.min.js\n<\/script>\n","thumbnail_url":"https:\/\/cdnweb.danby.com\/wp-content\/uploads\/sites\/2\/2024\/04\/24202443\/Thumbnail__0037_DAR032B1BM.jpg","thumbnail_width":1125,"thumbnail_height":1500,"description":"Cet \u00e9l\u00e9gant r\u00e9frig\u00e9rateur compact offre 3,2 pi3 (92 litres) d\u2019espace de r\u00e9frig\u00e9ration, ce qui en fait le choix id\u00e9al pour des caf\u00e9t\u00e9rias, dortoirs, petites cuisines et bars. Toutes vos boissons pr\u00e9f\u00e9r\u00e9es peuvent \u00eatre conserv\u00e9es au frais gr\u00e2ce au compartiment de rangement pour les grandes bouteilles. Il y a aussi amplement d\u2019espace pour toutes vos collations gr\u00e2ce aux 2 \u00e9tag\u00e8res et \u00e0 la demi-\u00e9tag\u00e8re en verre pleine largeur. Les charni\u00e8res de porte r\u00e9versibles permettent aussi aux utilisateurs d\u2019ouvrir la porte \u00e0 partir de la droite ou de la gauche avec la poign\u00e9e de porte int\u00e9gr\u00e9e, peu importe l\u2019organisation de la pi\u00e8ce."}