{"version":"1.0","provider_name":"Danby - Canada - French","provider_url":"https:\/\/www.danby.com\/fr","author_name":"Khunter","author_url":"https:\/\/www.danby.com\/fr\/author\/khunter\/","title":"Danby Designer 2.6 pi3 Cong\u00e9lateur - DUFM30WDD | Danby Canada","type":"rich","width":600,"height":338,"html":"<blockquote class=\"wp-embedded-content\" data-secret=\"KSTnh1uMF9\"><a href=\"https:\/\/www.danby.com\/fr\/products\/congelateurs\/dufm30wdd\/\">Danby Designer 2.6 pi3 Cong\u00e9lateur<\/a><\/blockquote><iframe sandbox=\"allow-scripts\" security=\"restricted\" src=\"https:\/\/www.danby.com\/fr\/products\/congelateurs\/dufm30wdd\/embed\/#?secret=KSTnh1uMF9\" width=\"600\" height=\"338\" title=\"&laquo; Danby Designer 2.6 pi3 Cong\u00e9lateur &raquo; &#8212; Danby - Canada - French\" data-secret=\"KSTnh1uMF9\" frameborder=\"0\" marginwidth=\"0\" marginheight=\"0\" scrolling=\"no\" class=\"wp-embedded-content\"><\/iframe><script>\n\/*! This file is auto-generated *\/\n!function(d,l){\"use strict\";l.querySelector&&d.addEventListener&&\"undefined\"!=typeof URL&&(d.wp=d.wp||{},d.wp.receiveEmbedMessage||(d.wp.receiveEmbedMessage=function(e){var t=e.data;if((t||t.secret||t.message||t.value)&&!\/[^a-zA-Z0-9]\/.test(t.secret)){for(var s,r,n,a=l.querySelectorAll('iframe[data-secret=\"'+t.secret+'\"]'),o=l.querySelectorAll('blockquote[data-secret=\"'+t.secret+'\"]'),c=new RegExp(\"^https?:$\",\"i\"),i=0;i<o.length;i++)o[i].style.display=\"none\";for(i=0;i<a.length;i++)s=a[i],e.source===s.contentWindow&&(s.removeAttribute(\"style\"),\"height\"===t.message?(1e3<(r=parseInt(t.value,10))?r=1e3:~~r<200&&(r=200),s.height=r):\"link\"===t.message&&(r=new URL(s.getAttribute(\"src\")),n=new URL(t.value),c.test(n.protocol))&&n.host===r.host&&l.activeElement===s&&(d.top.location.href=t.value))}},d.addEventListener(\"message\",d.wp.receiveEmbedMessage,!1),l.addEventListener(\"DOMContentLoaded\",function(){for(var e,t,s=l.querySelectorAll(\"iframe.wp-embedded-content\"),r=0;r<s.length;r++)(t=(e=s[r]).getAttribute(\"data-secret\"))||(t=Math.random().toString(36).substring(2,12),e.src+=\"#?secret=\"+t,e.setAttribute(\"data-secret\",t)),e.contentWindow.postMessage({message:\"ready\",secret:t},\"*\")},!1)))}(window,document);\n\/\/# sourceURL=https:\/\/www.danby.com\/fr\/wp-includes\/js\/wp-embed.min.js\n<\/script>\n","thumbnail_url":"https:\/\/cdnweb.danby.com\/wp-content\/uploads\/sites\/2\/2022\/02\/08193424\/proMed-dufm30wdd_clsd2.jpg","thumbnail_width":300,"thumbnail_height":272,"description":"Lorsqu\u2019il vous avez besoin d\u2019un plus grand espace de cong\u00e9lation, mais que vos disponibilit\u00e9s en mati\u00e8re d\u2019espace sont limit\u00e9es, ce mod\u00e8le Danby fiable et compact s\u2019av\u00e8re \u00eatre la parfaite solution. Cet attrayant cong\u00e9lateur vertical offre 74 litres (2,6 pieds cubes) d\u2019espace d\u2019entreposage additionnel, ce qui en fait l\u2019appareil id\u00e9al pour les bureaux, appartements et chalets. Ce cong\u00e9lateur peut facilement \u00eatre rempli gr\u00e2ce \u00e0 ses deux clayettes de surg\u00e9lation et gr\u00e2ce \u00e0 son tiroir de rangement robuste log\u00e9 dans la partie inf\u00e9rieure qui est id\u00e9al pour les emballages plus petits de vos denr\u00e9es favorites. Le beau fini blanc et la poign\u00e9e de porte encastr\u00e9e lui donnent une apparence classique et la charni\u00e8re r\u00e9versible innovatrice vous permet d\u2019ajuster la porte de fa\u00e7on \u00e0 convenir tout aussi bien aux utilisateurs gauchers que droitiers. Il est assorti d\u2019une garantie sans tracas de 18 mois sur les pi\u00e8ces et la main-d\u2019\u0153uvre, incluant l\u2019avantageux service \u00e0 domicile."}